{"id":9554,"date":"2022-10-24T12:04:55","date_gmt":"2022-10-24T09:04:55","guid":{"rendered":"https:\/\/kahramanmarassulamabirligi.gov.tr\/?page_id=9554"},"modified":"2022-10-24T15:50:38","modified_gmt":"2022-10-24T12:50:38","slug":"zaman-tuneli","status":"publish","type":"page","link":"http:\/\/kahramanmarassulamabirligi.gov.tr\/index.php\/zaman-tuneli\/","title":{"rendered":"Zaman T\u00fcneli"},"content":{"rendered":"\t\t<div data-elementor-type=\"wp-page\" data-elementor-id=\"9554\" class=\"elementor elementor-9554\">\n\t\t\t\t\t\t\t\t\t<section class=\"wd-negative-gap elementor-section elementor-top-section elementor-element elementor-element-6783c6e elementor-section-boxed elementor-section-height-default elementor-section-height-default wd-section-disabled\" data-id=\"6783c6e\" data-element_type=\"section\">\n\t\t\t\t\t\t<div class=\"elementor-container elementor-column-gap-default\">\n\t\t\t\t\t<div class=\"elementor-column elementor-col-100 elementor-top-column elementor-element elementor-element-0094394\" data-id=\"0094394\" data-element_type=\"column\">\n\t\t\t<div class=\"elementor-widget-wrap elementor-element-populated\">\n\t\t\t\t\t\t\t\t<div class=\"elementor-element elementor-element-1ff8040 elementor-widget elementor-widget-heading\" data-id=\"1ff8040\" data-element_type=\"widget\" data-widget_type=\"heading.default\">\n\t\t\t\t<div class=\"elementor-widget-container\">\n\t\t\t<style>\/*! elementor - v3.9.0 - 06-12-2022 *\/\n.elementor-heading-title{padding:0;margin:0;line-height:1}.elementor-widget-heading .elementor-heading-title[class*=elementor-size-]>a{color:inherit;font-size:inherit;line-height:inherit}.elementor-widget-heading .elementor-heading-title.elementor-size-small{font-size:15px}.elementor-widget-heading .elementor-heading-title.elementor-size-medium{font-size:19px}.elementor-widget-heading .elementor-heading-title.elementor-size-large{font-size:29px}.elementor-widget-heading .elementor-heading-title.elementor-size-xl{font-size:39px}.elementor-widget-heading .elementor-heading-title.elementor-size-xxl{font-size:59px}<\/style><h2 class=\"elementor-heading-title elementor-size-default\">Zaman T\u00fcneli<\/h2>\t\t<\/div>\n\t\t\t\t<\/div>\n\t\t\t\t<div class=\"elementor-element elementor-element-bd38308 elementor-widget elementor-widget-upk-snap-timeline\" data-id=\"bd38308\" data-element_type=\"widget\" data-widget_type=\"upk-snap-timeline.default\">\n\t\t\t\t<div class=\"elementor-widget-container\">\n\t\t\t\r\n\t\t<div class=\"upk-snap-timeline\">\r\n\t\t\t<div class=\"upk-snap-timeline-wrapper upk-snap-timeline-style-3\">\r\n\t\t\t\t<div class=\"upk-snap-timeline-grid-start-end-wrap\">\r\n\t\t\t\t\t\t\t\t\t\t<div class=\"upk-snap-timeline-grid upk-content-align-\">\r\n\t\t\t\t\t\t\t\t\t\t\t\t\t\r\n\t\t<div class=\"upk-timeline-item\">\r\n\t\t\t<div class=\"upk-timeline-content-wrap\">\r\n\t\t\t\t<div class=\"upk-timeline-counter upk-timeline-counter-active\"><\/div>\r\n\t\t\t\t<div class=\"upk-timeline-content-inner\">\r\n\t\t\t\t\t\t\t<a class=\"upk-timeline-image-wrapper\" href=\"http:\/\/kahramanmarassulamabirligi.gov.tr\/index.php\/2022\/11\/25\/pazarcik-belediye-baskaninin-birligimize-ziyareti\/\">\r\n\t\t\t<img decoding=\"async\" class=\"upk-img\" src=\"http:\/\/kahramanmarassulamabirligi.gov.tr\/wp-content\/uploads\/2022\/11\/Pazarcik-Ilce-Belediye-Baskaninin-Birligimize-Ziyareti-3.jpg\" alt=\"Pazarc\u0131k Belediye Ba\u015fkan\u0131&#8217;n\u0131n Birli\u011fimize Ziyareti\">\r\n\t\t<\/a>\r\n\r\n\r\n\t\t\t\t\t\t<div class=\"upk-timeline-date\">\r\n\t\t\t\t\t\t\t\t<div>\r\n\t\t\t25 Kas\u0131m 2022\t\t<\/div>\r\n\t\t\t\t\t\t\t\t\t\t\t\t<\/div>\r\n\t\t\t\t\t<h3 class=\"upk-title\"><a href=\"http:\/\/kahramanmarassulamabirligi.gov.tr\/index.php\/2022\/11\/25\/pazarcik-belediye-baskaninin-birligimize-ziyareti\/\" title=\"Pazarc\u0131k Belediye Ba\u015fkan\u0131&#8217;n\u0131n Birli\u011fimize Ziyareti\" class=\"title-animation-underline\" >Pazarc\u0131k Belediye Ba\u015fkan\u0131&#8217;n\u0131n Birli\u011fimize Ziyareti<\/a><\/h3>\t\t\t\t\t\t\t\t\t\t<div class=\"upk-timeline-meta\">\r\n\t\t\t\t\t\t\t\t\t\t\t\t\t\t\t\t\t<\/div>\r\n\t\t\t\t<\/div>\r\n\t\t\t<\/div>\r\n\t\t<\/div>\r\n\t\t\t\t\t\t\t\t\t\t\t\t\t\t\r\n\t\t<div class=\"upk-timeline-item\">\r\n\t\t\t<div class=\"upk-timeline-content-wrap\">\r\n\t\t\t\t<div class=\"upk-timeline-counter upk-timeline-counter-active\"><\/div>\r\n\t\t\t\t<div class=\"upk-timeline-content-inner\">\r\n\t\t\t\t\t\t\t<a class=\"upk-timeline-image-wrapper\" href=\"http:\/\/kahramanmarassulamabirligi.gov.tr\/index.php\/2022\/11\/21\/8-kahramanmaras-tarim-fuarina-katilim-sagladik\/\">\r\n\t\t\t<img decoding=\"async\" class=\"upk-img\" src=\"http:\/\/kahramanmarassulamabirligi.gov.tr\/wp-content\/uploads\/2022\/11\/8.kahramanmaras-tarim-fuari-1.jpeg\" alt=\"8. KAHRAMANMARA\u015e TARIM FUARINA KATILIM SA\u011eLADIK\">\r\n\t\t<\/a>\r\n\r\n\r\n\t\t\t\t\t\t<div class=\"upk-timeline-date\">\r\n\t\t\t\t\t\t\t\t<div>\r\n\t\t\t21 Kas\u0131m 2022\t\t<\/div>\r\n\t\t\t\t\t\t\t\t\t\t\t\t<\/div>\r\n\t\t\t\t\t<h3 class=\"upk-title\"><a href=\"http:\/\/kahramanmarassulamabirligi.gov.tr\/index.php\/2022\/11\/21\/8-kahramanmaras-tarim-fuarina-katilim-sagladik\/\" title=\"8. KAHRAMANMARA\u015e TARIM FUARINA KATILIM SA\u011eLADIK\" class=\"title-animation-underline\" >8. KAHRAMANMARA\u015e TARIM FUARINA KATILIM SA\u011eLADIK<\/a><\/h3>\t\t\t\t\t\t\t\t\t\t<div class=\"upk-timeline-meta\">\r\n\t\t\t\t\t\t\t\t\t\t\t\t\t\t\t\t\t<\/div>\r\n\t\t\t\t<\/div>\r\n\t\t\t<\/div>\r\n\t\t<\/div>\r\n\t\t\t\t\t\t\t\t\t\t\t\t\t\t\r\n\t\t<div class=\"upk-timeline-item\">\r\n\t\t\t<div class=\"upk-timeline-content-wrap\">\r\n\t\t\t\t<div class=\"upk-timeline-counter upk-timeline-counter-active\"><\/div>\r\n\t\t\t\t<div class=\"upk-timeline-content-inner\">\r\n\t\t\t\t\t\t\t<a class=\"upk-timeline-image-wrapper\" href=\"http:\/\/kahramanmarassulamabirligi.gov.tr\/index.php\/2022\/10\/26\/dsi-genel-mudurlugu-isletme-bakim-daire-baskani-dr-m-ugur-yildirim-birligimizi-ziyaret-etti\/\">\r\n\t\t\t<img decoding=\"async\" class=\"upk-img\" src=\"http:\/\/kahramanmarassulamabirligi.gov.tr\/wp-content\/uploads\/2022\/10\/DSI-DAIRE-BASKANI-SN.-DR.-M.-UGUR-YILDIRIM-IN-BIRLIGIMIZE-ZIYARETI-1.jpeg\" alt=\"DS\u0130 GENEL M\u00dcD\u00dcRL\u00dc\u011e\u00dc, \u0130\u015eLETME BAKIM DA\u0130RE BA\u015eKANI DR. M. U\u011eUR YILDIRIM B\u0130RL\u0130\u011e\u0130M\u0130Z\u0130 Z\u0130YARET ETT\u0130\">\r\n\t\t<\/a>\r\n\r\n\r\n\t\t\t\t\t\t<div class=\"upk-timeline-date\">\r\n\t\t\t\t\t\t\t\t<div>\r\n\t\t\t26 Ekim 2022\t\t<\/div>\r\n\t\t\t\t\t\t\t\t\t\t\t\t<\/div>\r\n\t\t\t\t\t<h3 class=\"upk-title\"><a href=\"http:\/\/kahramanmarassulamabirligi.gov.tr\/index.php\/2022\/10\/26\/dsi-genel-mudurlugu-isletme-bakim-daire-baskani-dr-m-ugur-yildirim-birligimizi-ziyaret-etti\/\" title=\"DS\u0130 GENEL M\u00dcD\u00dcRL\u00dc\u011e\u00dc, \u0130\u015eLETME BAKIM DA\u0130RE BA\u015eKANI DR. M. U\u011eUR YILDIRIM B\u0130RL\u0130\u011e\u0130M\u0130Z\u0130 Z\u0130YARET ETT\u0130\" class=\"title-animation-underline\" >DS\u0130 GENEL M\u00dcD\u00dcRL\u00dc\u011e\u00dc, \u0130\u015eLETME BAKIM DA\u0130RE BA\u015eKANI DR. M. U\u011eUR YILDIRIM B\u0130RL\u0130\u011e\u0130M\u0130Z\u0130 Z\u0130YARET ETT\u0130<\/a><\/h3>\t\t\t\t\t\t\t\t\t\t<div class=\"upk-timeline-meta\">\r\n\t\t\t\t\t\t\t\t\t\t\t\t\t\t\t\t\t<\/div>\r\n\t\t\t\t<\/div>\r\n\t\t\t<\/div>\r\n\t\t<\/div>\r\n\t\t\t\t\t\t\t\t\t\t\t\t\t\t\r\n\t\t<div class=\"upk-timeline-item\">\r\n\t\t\t<div class=\"upk-timeline-content-wrap\">\r\n\t\t\t\t<div class=\"upk-timeline-counter upk-timeline-counter-active\"><\/div>\r\n\t\t\t\t<div class=\"upk-timeline-content-inner\">\r\n\t\t\t\t\t\t\t<a class=\"upk-timeline-image-wrapper\" href=\"http:\/\/kahramanmarassulamabirligi.gov.tr\/index.php\/2022\/10\/13\/y-6-kanali-bakim-onarim-calismalari\/\">\r\n\t\t\t<img decoding=\"async\" class=\"upk-img\" src=\"http:\/\/kahramanmarassulamabirligi.gov.tr\/wp-content\/uploads\/2022\/10\/Y-6-KANALI-BAKIM-ONARIMI-13-e1665661948865.jpeg\" alt=\"Y-6 Kanal\u0131 Bak\u0131m Onar\u0131m \u00c7al\u0131\u015fmalar\u0131\">\r\n\t\t<\/a>\r\n\r\n\r\n\t\t\t\t\t\t<div class=\"upk-timeline-date\">\r\n\t\t\t\t\t\t\t\t<div>\r\n\t\t\t13 Ekim 2022\t\t<\/div>\r\n\t\t\t\t\t\t\t\t\t\t\t\t<\/div>\r\n\t\t\t\t\t<h3 class=\"upk-title\"><a href=\"http:\/\/kahramanmarassulamabirligi.gov.tr\/index.php\/2022\/10\/13\/y-6-kanali-bakim-onarim-calismalari\/\" title=\"Y-6 Kanal\u0131 Bak\u0131m Onar\u0131m \u00c7al\u0131\u015fmalar\u0131\" class=\"title-animation-underline\" >Y-6 Kanal\u0131 Bak\u0131m Onar\u0131m \u00c7al\u0131\u015fmalar\u0131<\/a><\/h3>\t\t\t\t\t\t\t\t\t\t<div class=\"upk-timeline-meta\">\r\n\t\t\t\t\t\t\t\t\t\t\t\t\t\t\t\t\t<\/div>\r\n\t\t\t\t<\/div>\r\n\t\t\t<\/div>\r\n\t\t<\/div>\r\n\t\t\t\t\t\t\t\t\t\t\t\t\t\t\r\n\t\t<div class=\"upk-timeline-item\">\r\n\t\t\t<div class=\"upk-timeline-content-wrap\">\r\n\t\t\t\t<div class=\"upk-timeline-counter upk-timeline-counter-active\"><\/div>\r\n\t\t\t\t<div class=\"upk-timeline-content-inner\">\r\n\t\t\t\t\t\t\t<a class=\"upk-timeline-image-wrapper\" href=\"http:\/\/kahramanmarassulamabirligi.gov.tr\/index.php\/2022\/09\/09\/birlik-baskanimiz-kahramanmaras-esnaf-ve-sanatkarlar-odalari-birligi-baskanina-hayirli-olsun-ziyaretinde-bulundu\/\">\r\n\t\t\t<img decoding=\"async\" class=\"upk-img\" src=\"http:\/\/kahramanmarassulamabirligi.gov.tr\/wp-content\/uploads\/2022\/10\/Kahramanmaras-Esnaf-ve-Sanatkarlar-Odalari-Birligi-Baskanina-Ziyaret.jpg\" alt=\"Birlik Ba\u015fkan\u0131m\u0131z, Kahramanmara\u015f Esnaf ve Sanatkarlar Odalar\u0131 Birli\u011fi Ba\u015fkan\u0131na Hay\u0131rl\u0131 Olsun Ziyaretinde Bulundu\">\r\n\t\t<\/a>\r\n\r\n\r\n\t\t\t\t\t\t<div class=\"upk-timeline-date\">\r\n\t\t\t\t\t\t\t\t<div>\r\n\t\t\t9 Eyl\u00fcl 2022\t\t<\/div>\r\n\t\t\t\t\t\t\t\t\t\t\t\t<\/div>\r\n\t\t\t\t\t<h3 class=\"upk-title\"><a href=\"http:\/\/kahramanmarassulamabirligi.gov.tr\/index.php\/2022\/09\/09\/birlik-baskanimiz-kahramanmaras-esnaf-ve-sanatkarlar-odalari-birligi-baskanina-hayirli-olsun-ziyaretinde-bulundu\/\" title=\"Birlik Ba\u015fkan\u0131m\u0131z, Kahramanmara\u015f Esnaf ve Sanatkarlar Odalar\u0131 Birli\u011fi Ba\u015fkan\u0131na Hay\u0131rl\u0131 Olsun Ziyaretinde Bulundu\" class=\"title-animation-underline\" >Birlik Ba\u015fkan\u0131m\u0131z, Kahramanmara\u015f Esnaf ve Sanatkarlar Odalar\u0131 Birli\u011fi Ba\u015fkan\u0131na Hay\u0131rl\u0131 Olsun Ziyaretinde Bulundu<\/a><\/h3>\t\t\t\t\t\t\t\t\t\t<div class=\"upk-timeline-meta\">\r\n\t\t\t\t\t\t\t\t\t\t\t\t\t\t\t\t\t<\/div>\r\n\t\t\t\t<\/div>\r\n\t\t\t<\/div>\r\n\t\t<\/div>\r\n\t\t\t\t\t\t\t\t\t\t\t\t\t\t\r\n\t\t<div class=\"upk-timeline-item\">\r\n\t\t\t<div class=\"upk-timeline-content-wrap\">\r\n\t\t\t\t<div class=\"upk-timeline-counter upk-timeline-counter-active\"><\/div>\r\n\t\t\t\t<div class=\"upk-timeline-content-inner\">\r\n\t\t\t\t\t\t\t<a class=\"upk-timeline-image-wrapper\" href=\"http:\/\/kahramanmarassulamabirligi.gov.tr\/index.php\/2022\/08\/25\/pioner-tarla-gunu\/\">\r\n\t\t\t<img decoding=\"async\" class=\"upk-img\" src=\"http:\/\/kahramanmarassulamabirligi.gov.tr\/wp-content\/uploads\/2022\/09\/TarlaGunu-8-scaled.jpg\" alt=\"Pioneer Tarla G\u00fcn\u00fc\">\r\n\t\t<\/a>\r\n\r\n\r\n\t\t\t\t\t\t<div class=\"upk-timeline-date\">\r\n\t\t\t\t\t\t\t\t<div>\r\n\t\t\t25 A\u011fustos 2022\t\t<\/div>\r\n\t\t\t\t\t\t\t\t\t\t\t\t<\/div>\r\n\t\t\t\t\t<h3 class=\"upk-title\"><a href=\"http:\/\/kahramanmarassulamabirligi.gov.tr\/index.php\/2022\/08\/25\/pioner-tarla-gunu\/\" title=\"Pioneer Tarla G\u00fcn\u00fc\" class=\"title-animation-underline\" >Pioneer Tarla G\u00fcn\u00fc<\/a><\/h3>\t\t\t\t\t\t\t\t\t\t<div class=\"upk-timeline-meta\">\r\n\t\t\t\t\t\t\t\t\t\t\t\t\t\t\t\t\t<\/div>\r\n\t\t\t\t<\/div>\r\n\t\t\t<\/div>\r\n\t\t<\/div>\r\n\t\t\t\t\t\t\t\t\t\t\t\t\t\t\r\n\t\t<div class=\"upk-timeline-item\">\r\n\t\t\t<div class=\"upk-timeline-content-wrap\">\r\n\t\t\t\t<div class=\"upk-timeline-counter upk-timeline-counter-active\"><\/div>\r\n\t\t\t\t<div class=\"upk-timeline-content-inner\">\r\n\t\t\t\t\t\t\t<a class=\"upk-timeline-image-wrapper\" href=\"http:\/\/kahramanmarassulamabirligi.gov.tr\/index.php\/2022\/08\/04\/birlik-baskanimiz-sn-erol-geyik-tigem-genel-mudurunu-makaminda-ziyaret-etti\/\">\r\n\t\t\t<img decoding=\"async\" class=\"upk-img\" src=\"http:\/\/kahramanmarassulamabirligi.gov.tr\/wp-content\/uploads\/2022\/10\/tigem-genel-mudurune-ziyaret.jpg\" alt=\"Birlik Ba\u015fkan\u0131m\u0131z Sn. Erol GEY\u0130K Tigem Genel M\u00fcd\u00fcr\u00fcn\u00fc Makam\u0131nda Ziyaret Etti\">\r\n\t\t<\/a>\r\n\r\n\r\n\t\t\t\t\t\t<div class=\"upk-timeline-date\">\r\n\t\t\t\t\t\t\t\t<div>\r\n\t\t\t4 A\u011fustos 2022\t\t<\/div>\r\n\t\t\t\t\t\t\t\t\t\t\t\t<\/div>\r\n\t\t\t\t\t<h3 class=\"upk-title\"><a href=\"http:\/\/kahramanmarassulamabirligi.gov.tr\/index.php\/2022\/08\/04\/birlik-baskanimiz-sn-erol-geyik-tigem-genel-mudurunu-makaminda-ziyaret-etti\/\" title=\"Birlik Ba\u015fkan\u0131m\u0131z Sn. Erol GEY\u0130K Tigem Genel M\u00fcd\u00fcr\u00fcn\u00fc Makam\u0131nda Ziyaret Etti\" class=\"title-animation-underline\" >Birlik Ba\u015fkan\u0131m\u0131z Sn. Erol GEY\u0130K Tigem Genel M\u00fcd\u00fcr\u00fcn\u00fc Makam\u0131nda Ziyaret Etti<\/a><\/h3>\t\t\t\t\t\t\t\t\t\t<div class=\"upk-timeline-meta\">\r\n\t\t\t\t\t\t\t\t\t\t\t\t\t\t\t\t\t<\/div>\r\n\t\t\t\t<\/div>\r\n\t\t\t<\/div>\r\n\t\t<\/div>\r\n\t\t\t\t\t\t\t\t\t\t\t\t\t\t\r\n\t\t<div class=\"upk-timeline-item\">\r\n\t\t\t<div class=\"upk-timeline-content-wrap\">\r\n\t\t\t\t<div class=\"upk-timeline-counter upk-timeline-counter-active\"><\/div>\r\n\t\t\t\t<div class=\"upk-timeline-content-inner\">\r\n\t\t\t\t\t\t\t<a class=\"upk-timeline-image-wrapper\" href=\"http:\/\/kahramanmarassulamabirligi.gov.tr\/index.php\/2022\/06\/22\/pazarcik-belediyesi-bescesme-sarimsagi-1-calistayi-yapildi\/\">\r\n\t\t\t<img decoding=\"async\" class=\"upk-img\" src=\"http:\/\/kahramanmarassulamabirligi.gov.tr\/wp-content\/uploads\/2022\/08\/WhatsApp_Image_2022_06_22_at_143110.jpeg\" alt=\"Pazarc\u0131k Belediyesi Be\u015f\u00e7e\u015fme Sar\u0131msa\u011f\u0131 1. \u00c7al\u0131\u015ftay\u0131 Yap\u0131ld\u0131\">\r\n\t\t<\/a>\r\n\r\n\r\n\t\t\t\t\t\t<div class=\"upk-timeline-date\">\r\n\t\t\t\t\t\t\t\t<div>\r\n\t\t\t22 Haziran 2022\t\t<\/div>\r\n\t\t\t\t\t\t\t\t\t\t\t\t<\/div>\r\n\t\t\t\t\t<h3 class=\"upk-title\"><a href=\"http:\/\/kahramanmarassulamabirligi.gov.tr\/index.php\/2022\/06\/22\/pazarcik-belediyesi-bescesme-sarimsagi-1-calistayi-yapildi\/\" title=\"Pazarc\u0131k Belediyesi Be\u015f\u00e7e\u015fme Sar\u0131msa\u011f\u0131 1. \u00c7al\u0131\u015ftay\u0131 Yap\u0131ld\u0131\" class=\"title-animation-underline\" >Pazarc\u0131k Belediyesi Be\u015f\u00e7e\u015fme Sar\u0131msa\u011f\u0131 1. \u00c7al\u0131\u015ftay\u0131 Yap\u0131ld\u0131<\/a><\/h3>\t\t\t\t\t\t\t\t\t\t<div class=\"upk-timeline-meta\">\r\n\t\t\t\t\t\t\t\t\t\t\t\t\t\t\t\t\t<\/div>\r\n\t\t\t\t<\/div>\r\n\t\t\t<\/div>\r\n\t\t<\/div>\r\n\t\t\t\t\t\t\t\t\t\t\t\t\t\t\r\n\t\t<div class=\"upk-timeline-item\">\r\n\t\t\t<div class=\"upk-timeline-content-wrap\">\r\n\t\t\t\t<div class=\"upk-timeline-counter upk-timeline-counter-active\"><\/div>\r\n\t\t\t\t<div class=\"upk-timeline-content-inner\">\r\n\t\t\t\t\t\t\t<a class=\"upk-timeline-image-wrapper\" href=\"http:\/\/kahramanmarassulamabirligi.gov.tr\/index.php\/2022\/06\/15\/eski-ticaret-bakanimiz-sn-kursat-tuzmen-birligimizi-ziyaret-etti\/\">\r\n\t\t\t<img decoding=\"async\" class=\"upk-img\" src=\"http:\/\/kahramanmarassulamabirligi.gov.tr\/wp-content\/uploads\/2022\/10\/eski-ticaret-bakaninin-birligimize-ziyareti.jpg\" alt=\"Eski Ticaret Bakan\u0131m\u0131z Sn. K\u00fcr\u015fat T\u00dcZMEN Birli\u011fimizi Ziyaret Etti\">\r\n\t\t<\/a>\r\n\r\n\r\n\t\t\t\t\t\t<div class=\"upk-timeline-date\">\r\n\t\t\t\t\t\t\t\t<div>\r\n\t\t\t15 Haziran 2022\t\t<\/div>\r\n\t\t\t\t\t\t\t\t\t\t\t\t<\/div>\r\n\t\t\t\t\t<h3 class=\"upk-title\"><a href=\"http:\/\/kahramanmarassulamabirligi.gov.tr\/index.php\/2022\/06\/15\/eski-ticaret-bakanimiz-sn-kursat-tuzmen-birligimizi-ziyaret-etti\/\" title=\"Eski Ticaret Bakan\u0131m\u0131z Sn. K\u00fcr\u015fat T\u00dcZMEN Birli\u011fimizi Ziyaret Etti\" class=\"title-animation-underline\" >Eski Ticaret Bakan\u0131m\u0131z Sn. K\u00fcr\u015fat T\u00dcZMEN Birli\u011fimizi Ziyaret Etti<\/a><\/h3>\t\t\t\t\t\t\t\t\t\t<div class=\"upk-timeline-meta\">\r\n\t\t\t\t\t\t\t\t\t\t\t\t\t\t\t\t\t<\/div>\r\n\t\t\t\t<\/div>\r\n\t\t\t<\/div>\r\n\t\t<\/div>\r\n\t\t\t\t\t\t\t\t\t\t\t\t\t\t\r\n\t\t<div class=\"upk-timeline-item\">\r\n\t\t\t<div class=\"upk-timeline-content-wrap\">\r\n\t\t\t\t<div class=\"upk-timeline-counter upk-timeline-counter-active\"><\/div>\r\n\t\t\t\t<div class=\"upk-timeline-content-inner\">\r\n\t\t\t\t\t\t\t<a class=\"upk-timeline-image-wrapper\" href=\"http:\/\/kahramanmarassulamabirligi.gov.tr\/index.php\/2022\/06\/13\/kahramanmaras-pazarcik-kartalkaya-baraji-sulamasi-yenileme-projesi-tanitim-toplantisi\/\">\r\n\t\t\t<img decoding=\"async\" class=\"upk-img\" src=\"http:\/\/kahramanmarassulamabirligi.gov.tr\/wp-content\/uploads\/2022\/08\/Foto_10.jpeg\" alt=\"Kahramanmara\u015f Pazarc\u0131k Kartalkaya Baraj\u0131 Sulamas\u0131 Yenileme Projesi Tan\u0131t\u0131m Toplant\u0131s\u0131\">\r\n\t\t<\/a>\r\n\r\n\r\n\t\t\t\t\t\t<div class=\"upk-timeline-date\">\r\n\t\t\t\t\t\t\t\t<div>\r\n\t\t\t13 Haziran 2022\t\t<\/div>\r\n\t\t\t\t\t\t\t\t\t\t\t\t<\/div>\r\n\t\t\t\t\t<h3 class=\"upk-title\"><a href=\"http:\/\/kahramanmarassulamabirligi.gov.tr\/index.php\/2022\/06\/13\/kahramanmaras-pazarcik-kartalkaya-baraji-sulamasi-yenileme-projesi-tanitim-toplantisi\/\" title=\"Kahramanmara\u015f Pazarc\u0131k Kartalkaya Baraj\u0131 Sulamas\u0131 Yenileme Projesi Tan\u0131t\u0131m Toplant\u0131s\u0131\" class=\"title-animation-underline\" >Kahramanmara\u015f Pazarc\u0131k Kartalkaya Baraj\u0131 Sulamas\u0131 Yenileme Projesi Tan\u0131t\u0131m Toplant\u0131s\u0131<\/a><\/h3>\t\t\t\t\t\t\t\t\t\t<div class=\"upk-timeline-meta\">\r\n\t\t\t\t\t\t\t\t\t\t\t\t\t\t\t\t\t<\/div>\r\n\t\t\t\t<\/div>\r\n\t\t\t<\/div>\r\n\t\t<\/div>\r\n\t\t\t\t\t\t\t\t\t\t\t\t\t\t\r\n\t\t<div class=\"upk-timeline-item\">\r\n\t\t\t<div class=\"upk-timeline-content-wrap\">\r\n\t\t\t\t<div class=\"upk-timeline-counter upk-timeline-counter-active\"><\/div>\r\n\t\t\t\t<div class=\"upk-timeline-content-inner\">\r\n\t\t\t\t\t\t\t<a class=\"upk-timeline-image-wrapper\" href=\"http:\/\/kahramanmarassulamabirligi.gov.tr\/index.php\/2022\/06\/13\/baskanimiz-kahramanmaras-pazarcik-bescesme-sarimsak-festivaline-katildi\/\">\r\n\t\t\t<img decoding=\"async\" class=\"upk-img\" src=\"http:\/\/kahramanmarassulamabirligi.gov.tr\/wp-content\/uploads\/2022\/08\/DSC_0355-scaled.jpg\" alt=\"Ba\u015fkan\u0131m\u0131z, Kahramanmara\u015f Pazarc\u0131k Be\u015f\u00e7e\u015fme Sar\u0131msak Festivaline Kat\u0131ld\u0131\">\r\n\t\t<\/a>\r\n\r\n\r\n\t\t\t\t\t\t<div class=\"upk-timeline-date\">\r\n\t\t\t\t\t\t\t\t<div>\r\n\t\t\t13 Haziran 2022\t\t<\/div>\r\n\t\t\t\t\t\t\t\t\t\t\t\t<\/div>\r\n\t\t\t\t\t<h3 class=\"upk-title\"><a href=\"http:\/\/kahramanmarassulamabirligi.gov.tr\/index.php\/2022\/06\/13\/baskanimiz-kahramanmaras-pazarcik-bescesme-sarimsak-festivaline-katildi\/\" title=\"Ba\u015fkan\u0131m\u0131z, Kahramanmara\u015f Pazarc\u0131k Be\u015f\u00e7e\u015fme Sar\u0131msak Festivaline Kat\u0131ld\u0131\" class=\"title-animation-underline\" >Ba\u015fkan\u0131m\u0131z, Kahramanmara\u015f Pazarc\u0131k Be\u015f\u00e7e\u015fme Sar\u0131msak Festivaline Kat\u0131ld\u0131<\/a><\/h3>\t\t\t\t\t\t\t\t\t\t<div class=\"upk-timeline-meta\">\r\n\t\t\t\t\t\t\t\t\t\t\t\t\t\t\t\t\t<\/div>\r\n\t\t\t\t<\/div>\r\n\t\t\t<\/div>\r\n\t\t<\/div>\r\n\t\t\t\t\t\t\t\t\t\t\t\t\t\t\r\n\t\t<div class=\"upk-timeline-item\">\r\n\t\t\t<div class=\"upk-timeline-content-wrap\">\r\n\t\t\t\t<div class=\"upk-timeline-counter upk-timeline-counter-active\"><\/div>\r\n\t\t\t\t<div class=\"upk-timeline-content-inner\">\r\n\t\t\t\t\t\t\t<a class=\"upk-timeline-image-wrapper\" href=\"http:\/\/kahramanmarassulamabirligi.gov.tr\/index.php\/2022\/05\/11\/kahramanmaras-sutcu-imam-universi-biyosistem-muhendisligi-ogrencileri-icin-birligimize-teknik-gezi-duzenledi\/\">\r\n\t\t\t<img decoding=\"async\" class=\"upk-img\" src=\"http:\/\/kahramanmarassulamabirligi.gov.tr\/wp-content\/uploads\/2022\/08\/DSC_0008_2-scaled.jpg\" alt=\"Kahramanmara\u015f S\u00fct\u00e7\u00fc \u0130mam \u00dcniversi Biyosistem M\u00fchendisli\u011fi \u00d6\u011frencileri i\u00e7in Birli\u011fimize Teknik Gezi D\u00fczenledi\">\r\n\t\t<\/a>\r\n\r\n\r\n\t\t\t\t\t\t<div class=\"upk-timeline-date\">\r\n\t\t\t\t\t\t\t\t<div>\r\n\t\t\t11 May\u0131s 2022\t\t<\/div>\r\n\t\t\t\t\t\t\t\t\t\t\t\t<\/div>\r\n\t\t\t\t\t<h3 class=\"upk-title\"><a href=\"http:\/\/kahramanmarassulamabirligi.gov.tr\/index.php\/2022\/05\/11\/kahramanmaras-sutcu-imam-universi-biyosistem-muhendisligi-ogrencileri-icin-birligimize-teknik-gezi-duzenledi\/\" title=\"Kahramanmara\u015f S\u00fct\u00e7\u00fc \u0130mam \u00dcniversi Biyosistem M\u00fchendisli\u011fi \u00d6\u011frencileri i\u00e7in Birli\u011fimize Teknik Gezi D\u00fczenledi\" class=\"title-animation-underline\" >Kahramanmara\u015f S\u00fct\u00e7\u00fc \u0130mam \u00dcniversi Biyosistem M\u00fchendisli\u011fi \u00d6\u011frencileri i\u00e7in Birli\u011fimize Teknik Gezi D\u00fczenledi<\/a><\/h3>\t\t\t\t\t\t\t\t\t\t<div class=\"upk-timeline-meta\">\r\n\t\t\t\t\t\t\t\t\t\t\t\t\t\t\t\t\t<\/div>\r\n\t\t\t\t<\/div>\r\n\t\t\t<\/div>\r\n\t\t<\/div>\r\n\t\t\t\t\t\t\t\t\t\t\t\t\t\t\r\n\t\t<div class=\"upk-timeline-item\">\r\n\t\t\t<div class=\"upk-timeline-content-wrap\">\r\n\t\t\t\t<div class=\"upk-timeline-counter upk-timeline-counter-active\"><\/div>\r\n\t\t\t\t<div class=\"upk-timeline-content-inner\">\r\n\t\t\t\t\t\t\t<a class=\"upk-timeline-image-wrapper\" href=\"http:\/\/kahramanmarassulamabirligi.gov.tr\/index.php\/2022\/04\/30\/birlik-baskanimiz-tarim-orman-bakanimiz-sn-vahit-kirisciyi-havaalaninda-karsiladi\/\">\r\n\t\t\t<img decoding=\"async\" class=\"upk-img\" src=\"http:\/\/kahramanmarassulamabirligi.gov.tr\/wp-content\/uploads\/2022\/04\/tarim-bakani-ve-bakan-yardimcisi-karsilamasi-2.jpg\" alt=\"Birlik Ba\u015fkan\u0131m\u0131z, Tar\u0131m ve Orman Bakan\u0131m\u0131z ve Tar\u0131m ve Orman Bakan Yard\u0131mc\u0131s\u0131n\u0131 Havaalan\u0131nda Kar\u015f\u0131lad\u0131\">\r\n\t\t<\/a>\r\n\r\n\r\n\t\t\t\t\t\t<div class=\"upk-timeline-date\">\r\n\t\t\t\t\t\t\t\t<div>\r\n\t\t\t30 Nisan 2022\t\t<\/div>\r\n\t\t\t\t\t\t\t\t\t\t\t\t<\/div>\r\n\t\t\t\t\t<h3 class=\"upk-title\"><a href=\"http:\/\/kahramanmarassulamabirligi.gov.tr\/index.php\/2022\/04\/30\/birlik-baskanimiz-tarim-orman-bakanimiz-sn-vahit-kirisciyi-havaalaninda-karsiladi\/\" title=\"Birlik Ba\u015fkan\u0131m\u0131z, Tar\u0131m ve Orman Bakan\u0131m\u0131z ve Tar\u0131m ve Orman Bakan Yard\u0131mc\u0131s\u0131n\u0131 Havaalan\u0131nda Kar\u015f\u0131lad\u0131\" class=\"title-animation-underline\" >Birlik Ba\u015fkan\u0131m\u0131z, Tar\u0131m ve Orman Bakan\u0131m\u0131z ve Tar\u0131m ve Orman Bakan Yard\u0131mc\u0131s\u0131n\u0131 Havaalan\u0131nda Kar\u015f\u0131lad\u0131<\/a><\/h3>\t\t\t\t\t\t\t\t\t\t<div class=\"upk-timeline-meta\">\r\n\t\t\t\t\t\t\t\t\t\t\t\t\t\t\t\t\t<\/div>\r\n\t\t\t\t<\/div>\r\n\t\t\t<\/div>\r\n\t\t<\/div>\r\n\t\t\t\t\t\t\t\t\t\t\t\t\t\t\r\n\t\t<div class=\"upk-timeline-item\">\r\n\t\t\t<div class=\"upk-timeline-content-wrap\">\r\n\t\t\t\t<div class=\"upk-timeline-counter upk-timeline-counter-active\"><\/div>\r\n\t\t\t\t<div class=\"upk-timeline-content-inner\">\r\n\t\t\t\t\t\t\t<a class=\"upk-timeline-image-wrapper\" href=\"http:\/\/kahramanmarassulamabirligi.gov.tr\/index.php\/2022\/04\/25\/pazarcik-belediyesi-iftar-programi\/\">\r\n\t\t\t<img decoding=\"async\" class=\"upk-img\" src=\"http:\/\/kahramanmarassulamabirligi.gov.tr\/wp-content\/uploads\/2022\/10\/PAZARCIK-BELEDIYESI-IFTAR-PROGRAMI.jpg\" alt=\"Birlik Ba\u015fkan\u0131m\u0131z Sn. Erol Geyik Pazarc\u0131k Belediyesi \u0130ftar Program\u0131na Kat\u0131ld\u0131\">\r\n\t\t<\/a>\r\n\r\n\r\n\t\t\t\t\t\t<div class=\"upk-timeline-date\">\r\n\t\t\t\t\t\t\t\t<div>\r\n\t\t\t25 Nisan 2022\t\t<\/div>\r\n\t\t\t\t\t\t\t\t\t\t\t\t<\/div>\r\n\t\t\t\t\t<h3 class=\"upk-title\"><a href=\"http:\/\/kahramanmarassulamabirligi.gov.tr\/index.php\/2022\/04\/25\/pazarcik-belediyesi-iftar-programi\/\" title=\"Birlik Ba\u015fkan\u0131m\u0131z Sn. Erol Geyik Pazarc\u0131k Belediyesi \u0130ftar Program\u0131na Kat\u0131ld\u0131\" class=\"title-animation-underline\" >Birlik Ba\u015fkan\u0131m\u0131z Sn. Erol Geyik Pazarc\u0131k Belediyesi \u0130ftar Program\u0131na Kat\u0131ld\u0131<\/a><\/h3>\t\t\t\t\t\t\t\t\t\t<div class=\"upk-timeline-meta\">\r\n\t\t\t\t\t\t\t\t\t\t\t\t\t\t\t\t\t<\/div>\r\n\t\t\t\t<\/div>\r\n\t\t\t<\/div>\r\n\t\t<\/div>\r\n\t\t\t\t\t\t\t\t\t\t\t\t\t\t\r\n\t\t<div class=\"upk-timeline-item\">\r\n\t\t\t<div class=\"upk-timeline-content-wrap\">\r\n\t\t\t\t<div class=\"upk-timeline-counter upk-timeline-counter-active\"><\/div>\r\n\t\t\t\t<div class=\"upk-timeline-content-inner\">\r\n\t\t\t\t\t\t\t<a class=\"upk-timeline-image-wrapper\" href=\"http:\/\/kahramanmarassulamabirligi.gov.tr\/index.php\/2022\/03\/25\/sulama-gorevlilerimiz-basincli-sulama-sistemleri-ve-verimli-sulama-ile-ilgili-egitim-almak-uzere-adana-tayem-egitim-merkezine-gonderildi\/\">\r\n\t\t\t<img decoding=\"async\" class=\"upk-img\" src=\"http:\/\/kahramanmarassulamabirligi.gov.tr\/wp-content\/uploads\/2022\/09\/ADANA-TAYEM-BASINCLI-SULAMA-EGITIMI-29.jpeg\" alt=\"Sulama G\u00f6revlilerimiz, &#8216;Bas\u0131n\u00e7l\u0131 Sulama Sistemleri&#8217; ve &#8216;Verimli Sulama&#8217; \u0130le \u0130lgili E\u011fitim Almak \u00dczere Adana Tayem E\u011fitim Merkezine G\u00f6nderildi\">\r\n\t\t<\/a>\r\n\r\n\r\n\t\t\t\t\t\t<div class=\"upk-timeline-date\">\r\n\t\t\t\t\t\t\t\t<div>\r\n\t\t\t25 Mart 2022\t\t<\/div>\r\n\t\t\t\t\t\t\t\t\t\t\t\t<\/div>\r\n\t\t\t\t\t<h3 class=\"upk-title\"><a href=\"http:\/\/kahramanmarassulamabirligi.gov.tr\/index.php\/2022\/03\/25\/sulama-gorevlilerimiz-basincli-sulama-sistemleri-ve-verimli-sulama-ile-ilgili-egitim-almak-uzere-adana-tayem-egitim-merkezine-gonderildi\/\" title=\"Sulama G\u00f6revlilerimiz, &#8216;Bas\u0131n\u00e7l\u0131 Sulama Sistemleri&#8217; ve &#8216;Verimli Sulama&#8217; \u0130le \u0130lgili E\u011fitim Almak \u00dczere Adana Tayem E\u011fitim Merkezine G\u00f6nderildi\" class=\"title-animation-underline\" >Sulama G\u00f6revlilerimiz, &#8216;Bas\u0131n\u00e7l\u0131 Sulama Sistemleri&#8217; ve &#8216;Verimli Sulama&#8217; \u0130le \u0130lgili E\u011fitim Almak \u00dczere Adana Tayem E\u011fitim Merkezine G\u00f6nderildi<\/a><\/h3>\t\t\t\t\t\t\t\t\t\t<div class=\"upk-timeline-meta\">\r\n\t\t\t\t\t\t\t\t\t\t\t\t\t\t\t\t\t<\/div>\r\n\t\t\t\t<\/div>\r\n\t\t\t<\/div>\r\n\t\t<\/div>\r\n\t\t\t\t\t\t\t\t\t\t\t\t\t\t\r\n\t\t<div class=\"upk-timeline-item\">\r\n\t\t\t<div class=\"upk-timeline-content-wrap\">\r\n\t\t\t\t<div class=\"upk-timeline-counter upk-timeline-counter-active\"><\/div>\r\n\t\t\t\t<div class=\"upk-timeline-content-inner\">\r\n\t\t\t\t\t\t\t<a class=\"upk-timeline-image-wrapper\" href=\"http:\/\/kahramanmarassulamabirligi.gov.tr\/index.php\/2021\/12\/24\/birligimize-yeni-is-makinesi-alindi\/\">\r\n\t\t\t<img decoding=\"async\" class=\"upk-img\" src=\"http:\/\/kahramanmarassulamabirligi.gov.tr\/wp-content\/uploads\/2022\/10\/hidromek-is-makinesi-1.jpeg\" alt=\"Birli\u011fimize Yeni \u0130\u015f Makinesi Al\u0131nd\u0131\">\r\n\t\t<\/a>\r\n\r\n\r\n\t\t\t\t\t\t<div class=\"upk-timeline-date\">\r\n\t\t\t\t\t\t\t\t<div>\r\n\t\t\t24 Aral\u0131k 2021\t\t<\/div>\r\n\t\t\t\t\t\t\t\t\t\t\t\t<\/div>\r\n\t\t\t\t\t<h3 class=\"upk-title\"><a href=\"http:\/\/kahramanmarassulamabirligi.gov.tr\/index.php\/2021\/12\/24\/birligimize-yeni-is-makinesi-alindi\/\" title=\"Birli\u011fimize Yeni \u0130\u015f Makinesi Al\u0131nd\u0131\" class=\"title-animation-underline\" >Birli\u011fimize Yeni \u0130\u015f Makinesi Al\u0131nd\u0131<\/a><\/h3>\t\t\t\t\t\t\t\t\t\t<div class=\"upk-timeline-meta\">\r\n\t\t\t\t\t\t\t\t\t\t\t\t\t\t\t\t\t<\/div>\r\n\t\t\t\t<\/div>\r\n\t\t\t<\/div>\r\n\t\t<\/div>\r\n\t\t\t\t\t\t\t\t\t\t\t\t\t\t\r\n\t\t<div class=\"upk-timeline-item\">\r\n\t\t\t<div class=\"upk-timeline-content-wrap\">\r\n\t\t\t\t<div class=\"upk-timeline-counter upk-timeline-counter-active\"><\/div>\r\n\t\t\t\t<div class=\"upk-timeline-content-inner\">\r\n\t\t\t\t\t\t\t<a class=\"upk-timeline-image-wrapper\" href=\"http:\/\/kahramanmarassulamabirligi.gov.tr\/index.php\/2021\/06\/22\/dsi-genel-mudur-yardimcisinin-birligimize-ziyareti\/\">\r\n\t\t\t<img decoding=\"async\" class=\"upk-img\" src=\"http:\/\/kahramanmarassulamabirligi.gov.tr\/wp-content\/uploads\/2022\/10\/DSI-GENEL-MUDUR-YARDIMCISININ-BIRLIGIMIZE-ZIYARETI.jpg\" alt=\"Dsi Genel M\u00fcd\u00fcr Yard\u0131mc\u0131s\u0131n\u0131n Birli\u011fimize Ziyareti\">\r\n\t\t<\/a>\r\n\r\n\r\n\t\t\t\t\t\t<div class=\"upk-timeline-date\">\r\n\t\t\t\t\t\t\t\t<div>\r\n\t\t\t22 Haziran 2021\t\t<\/div>\r\n\t\t\t\t\t\t\t\t\t\t\t\t<\/div>\r\n\t\t\t\t\t<h3 class=\"upk-title\"><a href=\"http:\/\/kahramanmarassulamabirligi.gov.tr\/index.php\/2021\/06\/22\/dsi-genel-mudur-yardimcisinin-birligimize-ziyareti\/\" title=\"Dsi Genel M\u00fcd\u00fcr Yard\u0131mc\u0131s\u0131n\u0131n Birli\u011fimize Ziyareti\" class=\"title-animation-underline\" >Dsi Genel M\u00fcd\u00fcr Yard\u0131mc\u0131s\u0131n\u0131n Birli\u011fimize Ziyareti<\/a><\/h3>\t\t\t\t\t\t\t\t\t\t<div class=\"upk-timeline-meta\">\r\n\t\t\t\t\t\t\t\t\t\t\t\t\t\t\t\t\t<\/div>\r\n\t\t\t\t<\/div>\r\n\t\t\t<\/div>\r\n\t\t<\/div>\r\n\t\t\t\t\t\t\t\t\t\t\t\t\t\t\r\n\t\t<div class=\"upk-timeline-item\">\r\n\t\t\t<div class=\"upk-timeline-content-wrap\">\r\n\t\t\t\t<div class=\"upk-timeline-counter upk-timeline-counter-active\"><\/div>\r\n\t\t\t\t<div class=\"upk-timeline-content-inner\">\r\n\t\t\t\t\t\t\t<a class=\"upk-timeline-image-wrapper\" href=\"http:\/\/kahramanmarassulamabirligi.gov.tr\/index.php\/2021\/06\/12\/tbmm-icisleri-komisyon-baskani-sn-celalettin-guvencinde-katilmis-oldugu-sulama-sorunlari-ile-ilgili-toplanti-duzenlendi\/\">\r\n\t\t\t<img decoding=\"async\" class=\"upk-img\" src=\"http:\/\/kahramanmarassulamabirligi.gov.tr\/wp-content\/uploads\/2022\/10\/sulama-sorunlari-toplantisi-2.jpg\" alt=\"TBMM \u0130\u00e7i\u015fleri Komisyon Ba\u015fkan\u0131 Sn. Celalettin G\u00dcVEN\u00c7&#8217;inde Kat\u0131l\u0131m\u0131yla Toplant\u0131 D\u00fczenlendi\">\r\n\t\t<\/a>\r\n\r\n\r\n\t\t\t\t\t\t<div class=\"upk-timeline-date\">\r\n\t\t\t\t\t\t\t\t<div>\r\n\t\t\t12 Haziran 2021\t\t<\/div>\r\n\t\t\t\t\t\t\t\t\t\t\t\t<\/div>\r\n\t\t\t\t\t<h3 class=\"upk-title\"><a href=\"http:\/\/kahramanmarassulamabirligi.gov.tr\/index.php\/2021\/06\/12\/tbmm-icisleri-komisyon-baskani-sn-celalettin-guvencinde-katilmis-oldugu-sulama-sorunlari-ile-ilgili-toplanti-duzenlendi\/\" title=\"TBMM \u0130\u00e7i\u015fleri Komisyon Ba\u015fkan\u0131 Sn. Celalettin G\u00dcVEN\u00c7&#8217;inde Kat\u0131l\u0131m\u0131yla Toplant\u0131 D\u00fczenlendi\" class=\"title-animation-underline\" >TBMM \u0130\u00e7i\u015fleri Komisyon Ba\u015fkan\u0131 Sn. Celalettin G\u00dcVEN\u00c7&#8217;inde Kat\u0131l\u0131m\u0131yla Toplant\u0131 D\u00fczenlendi<\/a><\/h3>\t\t\t\t\t\t\t\t\t\t<div class=\"upk-timeline-meta\">\r\n\t\t\t\t\t\t\t\t\t\t\t\t\t\t\t\t\t<\/div>\r\n\t\t\t\t<\/div>\r\n\t\t\t<\/div>\r\n\t\t<\/div>\r\n\t\t\t\t\t\t\t\t\t\t\t\t\t\t\r\n\t\t<div class=\"upk-timeline-item\">\r\n\t\t\t<div class=\"upk-timeline-content-wrap\">\r\n\t\t\t\t<div class=\"upk-timeline-counter upk-timeline-counter-active\"><\/div>\r\n\t\t\t\t<div class=\"upk-timeline-content-inner\">\r\n\t\t\t\t\t\t\t<a class=\"upk-timeline-image-wrapper\" href=\"http:\/\/kahramanmarassulamabirligi.gov.tr\/index.php\/2021\/04\/07\/birligimize-yeni-arazi-araclari-alindi\/\">\r\n\t\t\t<img decoding=\"async\" class=\"upk-img\" src=\"http:\/\/kahramanmarassulamabirligi.gov.tr\/wp-content\/uploads\/2022\/10\/yeni-alinan-birlik-arazi-araclari-6.jpeg\" alt=\"Birli\u011fimize Yeni Arazi Ara\u00e7lar\u0131 Al\u0131nd\u0131\">\r\n\t\t<\/a>\r\n\r\n\r\n\t\t\t\t\t\t<div class=\"upk-timeline-date\">\r\n\t\t\t\t\t\t\t\t<div>\r\n\t\t\t7 Nisan 2021\t\t<\/div>\r\n\t\t\t\t\t\t\t\t\t\t\t\t<\/div>\r\n\t\t\t\t\t<h3 class=\"upk-title\"><a href=\"http:\/\/kahramanmarassulamabirligi.gov.tr\/index.php\/2021\/04\/07\/birligimize-yeni-arazi-araclari-alindi\/\" title=\"Birli\u011fimize Yeni Arazi Ara\u00e7lar\u0131 Al\u0131nd\u0131\" class=\"title-animation-underline\" >Birli\u011fimize Yeni Arazi Ara\u00e7lar\u0131 Al\u0131nd\u0131<\/a><\/h3>\t\t\t\t\t\t\t\t\t\t<div class=\"upk-timeline-meta\">\r\n\t\t\t\t\t\t\t\t\t\t\t\t\t\t\t\t\t<\/div>\r\n\t\t\t\t<\/div>\r\n\t\t\t<\/div>\r\n\t\t<\/div>\r\n\t\t\t\t\t\t\t\t\t\t\t\t\t\t\r\n\t\t<div class=\"upk-timeline-item\">\r\n\t\t\t<div class=\"upk-timeline-content-wrap\">\r\n\t\t\t\t<div class=\"upk-timeline-counter upk-timeline-counter-active\"><\/div>\r\n\t\t\t\t<div class=\"upk-timeline-content-inner\">\r\n\t\t\t\t\t\t\t<a class=\"upk-timeline-image-wrapper\" href=\"http:\/\/kahramanmarassulamabirligi.gov.tr\/index.php\/2021\/04\/01\/birlik-toplanti-salonumuzda-tes-is-sendikasinin-delege-secimi-yapildi\/\">\r\n\t\t\t<img decoding=\"async\" class=\"upk-img\" src=\"http:\/\/kahramanmarassulamabirligi.gov.tr\/wp-content\/plugins\/elementor\/assets\/images\/placeholder.png\" alt=\"Birlik Toplant\u0131 Salonumuzda TES-\u0130\u015e Sendikas\u0131n\u0131n Delege se\u00e7imi Yap\u0131ld\u0131\">\r\n\t\t<\/a>\r\n\r\n\r\n\t\t\t\t\t\t<div class=\"upk-timeline-date\">\r\n\t\t\t\t\t\t\t\t<div>\r\n\t\t\t1 Nisan 2021\t\t<\/div>\r\n\t\t\t\t\t\t\t\t\t\t\t\t<\/div>\r\n\t\t\t\t\t<h3 class=\"upk-title\"><a href=\"http:\/\/kahramanmarassulamabirligi.gov.tr\/index.php\/2021\/04\/01\/birlik-toplanti-salonumuzda-tes-is-sendikasinin-delege-secimi-yapildi\/\" title=\"Birlik Toplant\u0131 Salonumuzda TES-\u0130\u015e Sendikas\u0131n\u0131n Delege se\u00e7imi Yap\u0131ld\u0131\" class=\"title-animation-underline\" >Birlik Toplant\u0131 Salonumuzda TES-\u0130\u015e Sendikas\u0131n\u0131n Delege se\u00e7imi Yap\u0131ld\u0131<\/a><\/h3>\t\t\t\t\t\t\t\t\t\t<div class=\"upk-timeline-meta\">\r\n\t\t\t\t\t\t\t\t\t\t\t\t\t\t\t\t\t<\/div>\r\n\t\t\t\t<\/div>\r\n\t\t\t<\/div>\r\n\t\t<\/div>\r\n\t\t\t\t\t\t\t\t\t\t\t\t\t\t\r\n\t\t<div class=\"upk-timeline-item\">\r\n\t\t\t<div class=\"upk-timeline-content-wrap\">\r\n\t\t\t\t<div class=\"upk-timeline-counter upk-timeline-counter-active\"><\/div>\r\n\t\t\t\t<div class=\"upk-timeline-content-inner\">\r\n\t\t\t\t\t\t\t<a class=\"upk-timeline-image-wrapper\" href=\"http:\/\/kahramanmarassulamabirligi.gov.tr\/index.php\/2021\/03\/22\/ak-parti-kahramanmaras-il-kadin-kollari-baskani-kahramanmaras-subemizi-ziyaret-ettiler\/\">\r\n\t\t\t<img decoding=\"async\" class=\"upk-img\" src=\"http:\/\/kahramanmarassulamabirligi.gov.tr\/wp-content\/uploads\/2022\/10\/AK-PARTI-KAHRAMANMARAS-IL-KADIN-KOLLARI-BASKANI-ZIYARETI-2.jpg\" alt=\"Ak Parti Kahramanmara\u015f \u0130l Kad\u0131n Kollar\u0131 Ba\u015fkan\u0131, Kahramanmara\u015f \u015eubemizi Ziyaret Ettiler\">\r\n\t\t<\/a>\r\n\r\n\r\n\t\t\t\t\t\t<div class=\"upk-timeline-date\">\r\n\t\t\t\t\t\t\t\t<div>\r\n\t\t\t22 Mart 2021\t\t<\/div>\r\n\t\t\t\t\t\t\t\t\t\t\t\t<\/div>\r\n\t\t\t\t\t<h3 class=\"upk-title\"><a href=\"http:\/\/kahramanmarassulamabirligi.gov.tr\/index.php\/2021\/03\/22\/ak-parti-kahramanmaras-il-kadin-kollari-baskani-kahramanmaras-subemizi-ziyaret-ettiler\/\" title=\"Ak Parti Kahramanmara\u015f \u0130l Kad\u0131n Kollar\u0131 Ba\u015fkan\u0131, Kahramanmara\u015f \u015eubemizi Ziyaret Ettiler\" class=\"title-animation-underline\" >Ak Parti Kahramanmara\u015f \u0130l Kad\u0131n Kollar\u0131 Ba\u015fkan\u0131, Kahramanmara\u015f \u015eubemizi Ziyaret Ettiler<\/a><\/h3>\t\t\t\t\t\t\t\t\t\t<div class=\"upk-timeline-meta\">\r\n\t\t\t\t\t\t\t\t\t\t\t\t\t\t\t\t\t<\/div>\r\n\t\t\t\t<\/div>\r\n\t\t\t<\/div>\r\n\t\t<\/div>\r\n\t\t\t\t\t\t\t\t\t\t\t\t\t\t\r\n\t\t<div class=\"upk-timeline-item\">\r\n\t\t\t<div class=\"upk-timeline-content-wrap\">\r\n\t\t\t\t<div class=\"upk-timeline-counter upk-timeline-counter-active\"><\/div>\r\n\t\t\t\t<div class=\"upk-timeline-content-inner\">\r\n\t\t\t\t\t\t\t<a class=\"upk-timeline-image-wrapper\" href=\"http:\/\/kahramanmarassulamabirligi.gov.tr\/index.php\/2020\/06\/01\/yeni-is-makinemiz-tum-ciftcilerimize-hayirli-olsun\/\">\r\n\t\t\t<img decoding=\"async\" class=\"upk-img\" src=\"http:\/\/kahramanmarassulamabirligi.gov.tr\/wp-content\/uploads\/2022\/10\/yeni-is-makinesi-alimi-1.jpg\" alt=\"Yeni \u0130\u015f Makinemiz T\u00fcm \u00c7ift\u00e7ilerimize Hay\u0131rl\u0131 Olsun\">\r\n\t\t<\/a>\r\n\r\n\r\n\t\t\t\t\t\t<div class=\"upk-timeline-date\">\r\n\t\t\t\t\t\t\t\t<div>\r\n\t\t\t1 Haziran 2020\t\t<\/div>\r\n\t\t\t\t\t\t\t\t\t\t\t\t<\/div>\r\n\t\t\t\t\t<h3 class=\"upk-title\"><a href=\"http:\/\/kahramanmarassulamabirligi.gov.tr\/index.php\/2020\/06\/01\/yeni-is-makinemiz-tum-ciftcilerimize-hayirli-olsun\/\" title=\"Yeni \u0130\u015f Makinemiz T\u00fcm \u00c7ift\u00e7ilerimize Hay\u0131rl\u0131 Olsun\" class=\"title-animation-underline\" >Yeni \u0130\u015f Makinemiz T\u00fcm \u00c7ift\u00e7ilerimize Hay\u0131rl\u0131 Olsun<\/a><\/h3>\t\t\t\t\t\t\t\t\t\t<div class=\"upk-timeline-meta\">\r\n\t\t\t\t\t\t\t\t\t\t\t\t\t\t\t\t\t<\/div>\r\n\t\t\t\t<\/div>\r\n\t\t\t<\/div>\r\n\t\t<\/div>\r\n\t\t\t\t\t\t\t\t\t\t\t\t\t\t\r\n\t\t<div class=\"upk-timeline-item\">\r\n\t\t\t<div class=\"upk-timeline-content-wrap\">\r\n\t\t\t\t<div class=\"upk-timeline-counter upk-timeline-counter-active\"><\/div>\r\n\t\t\t\t<div class=\"upk-timeline-content-inner\">\r\n\t\t\t\t\t\t\t<a class=\"upk-timeline-image-wrapper\" href=\"http:\/\/kahramanmarassulamabirligi.gov.tr\/index.php\/2019\/04\/09\/birlik-baskanimiz-ve-personellerimiz-pazarcik-belediye-baskanina-hayirli-olsun-ziyareti-yaptilar\/\">\r\n\t\t\t<img decoding=\"async\" class=\"upk-img\" src=\"http:\/\/kahramanmarassulamabirligi.gov.tr\/wp-content\/uploads\/2022\/10\/pazarcik-belediye-baskanina-hayirli-olsun-ziyareti.jpg\" alt=\"Birlik Ba\u015fkan\u0131m\u0131z ve Personellerimiz Pazarc\u0131k Belediye Ba\u015fkan\u0131na Hay\u0131rl\u0131 Olsun Ziyareti Yapt\u0131lar\">\r\n\t\t<\/a>\r\n\r\n\r\n\t\t\t\t\t\t<div class=\"upk-timeline-date\">\r\n\t\t\t\t\t\t\t\t<div>\r\n\t\t\t9 Nisan 2019\t\t<\/div>\r\n\t\t\t\t\t\t\t\t\t\t\t\t<\/div>\r\n\t\t\t\t\t<h3 class=\"upk-title\"><a href=\"http:\/\/kahramanmarassulamabirligi.gov.tr\/index.php\/2019\/04\/09\/birlik-baskanimiz-ve-personellerimiz-pazarcik-belediye-baskanina-hayirli-olsun-ziyareti-yaptilar\/\" title=\"Birlik Ba\u015fkan\u0131m\u0131z ve Personellerimiz Pazarc\u0131k Belediye Ba\u015fkan\u0131na Hay\u0131rl\u0131 Olsun Ziyareti Yapt\u0131lar\" class=\"title-animation-underline\" >Birlik Ba\u015fkan\u0131m\u0131z ve Personellerimiz Pazarc\u0131k Belediye Ba\u015fkan\u0131na Hay\u0131rl\u0131 Olsun Ziyareti Yapt\u0131lar<\/a><\/h3>\t\t\t\t\t\t\t\t\t\t<div class=\"upk-timeline-meta\">\r\n\t\t\t\t\t\t\t\t\t\t\t\t\t\t\t\t\t<\/div>\r\n\t\t\t\t<\/div>\r\n\t\t\t<\/div>\r\n\t\t<\/div>\r\n\t\t\t\t\t\t\t\t\t\t\t\t\t\t\r\n\t\t<div class=\"upk-timeline-item\">\r\n\t\t\t<div class=\"upk-timeline-content-wrap\">\r\n\t\t\t\t<div class=\"upk-timeline-counter upk-timeline-counter-active\"><\/div>\r\n\t\t\t\t<div class=\"upk-timeline-content-inner\">\r\n\t\t\t\t\t\t\t<a class=\"upk-timeline-image-wrapper\" href=\"http:\/\/kahramanmarassulamabirligi.gov.tr\/index.php\/2018\/10\/19\/birlik-baskanimiz-sn-erol-geyikin-ankara-ziyaretleri\/\">\r\n\t\t\t<img decoding=\"async\" class=\"upk-img\" src=\"http:\/\/kahramanmarassulamabirligi.gov.tr\/wp-content\/uploads\/2022\/10\/ankara-ziyaretleri-1.jpg\" alt=\"Birlik Ba\u015fkan\u0131m\u0131z Sn. Erol GEY\u0130K&#8217;in Ankara Ziyaretleri\">\r\n\t\t<\/a>\r\n\r\n\r\n\t\t\t\t\t\t<div class=\"upk-timeline-date\">\r\n\t\t\t\t\t\t\t\t<div>\r\n\t\t\t19 Ekim 2018\t\t<\/div>\r\n\t\t\t\t\t\t\t\t\t\t\t\t<\/div>\r\n\t\t\t\t\t<h3 class=\"upk-title\"><a href=\"http:\/\/kahramanmarassulamabirligi.gov.tr\/index.php\/2018\/10\/19\/birlik-baskanimiz-sn-erol-geyikin-ankara-ziyaretleri\/\" title=\"Birlik Ba\u015fkan\u0131m\u0131z Sn. Erol GEY\u0130K&#8217;in Ankara Ziyaretleri\" class=\"title-animation-underline\" >Birlik Ba\u015fkan\u0131m\u0131z Sn. Erol GEY\u0130K&#8217;in Ankara Ziyaretleri<\/a><\/h3>\t\t\t\t\t\t\t\t\t\t<div class=\"upk-timeline-meta\">\r\n\t\t\t\t\t\t\t\t\t\t\t\t\t\t\t\t\t<\/div>\r\n\t\t\t\t<\/div>\r\n\t\t\t<\/div>\r\n\t\t<\/div>\r\n\t\t\t\t\t\t\t\t\t\t\t\t\t\t\r\n\t\t<div class=\"upk-timeline-item\">\r\n\t\t\t<div class=\"upk-timeline-content-wrap\">\r\n\t\t\t\t<div class=\"upk-timeline-counter upk-timeline-counter-active\"><\/div>\r\n\t\t\t\t<div class=\"upk-timeline-content-inner\">\r\n\t\t\t\t\t\t\t<a class=\"upk-timeline-image-wrapper\" href=\"http:\/\/kahramanmarassulamabirligi.gov.tr\/index.php\/2018\/09\/12\/birlik-baskanimiz-kahramanmaras-subemizde-rotasyon-konusu-hakkinda-ciftcilere-toplanti-duzenledi\/\">\r\n\t\t\t<img decoding=\"async\" class=\"upk-img\" src=\"http:\/\/kahramanmarassulamabirligi.gov.tr\/wp-content\/uploads\/2022\/10\/rotasyon-konulu-toplanti-4.jpg\" alt=\"Birlik Ba\u015fkan\u0131m\u0131z Kahramanmara\u015f \u015eubemizde Rotasyon Konusu Hakk\u0131nda \u00c7ift\u00e7ilere Toplant\u0131 D\u00fczenledi\">\r\n\t\t<\/a>\r\n\r\n\r\n\t\t\t\t\t\t<div class=\"upk-timeline-date\">\r\n\t\t\t\t\t\t\t\t<div>\r\n\t\t\t12 Eyl\u00fcl 2018\t\t<\/div>\r\n\t\t\t\t\t\t\t\t\t\t\t\t<\/div>\r\n\t\t\t\t\t<h3 class=\"upk-title\"><a href=\"http:\/\/kahramanmarassulamabirligi.gov.tr\/index.php\/2018\/09\/12\/birlik-baskanimiz-kahramanmaras-subemizde-rotasyon-konusu-hakkinda-ciftcilere-toplanti-duzenledi\/\" title=\"Birlik Ba\u015fkan\u0131m\u0131z Kahramanmara\u015f \u015eubemizde Rotasyon Konusu Hakk\u0131nda \u00c7ift\u00e7ilere Toplant\u0131 D\u00fczenledi\" class=\"title-animation-underline\" >Birlik Ba\u015fkan\u0131m\u0131z Kahramanmara\u015f \u015eubemizde Rotasyon Konusu Hakk\u0131nda \u00c7ift\u00e7ilere Toplant\u0131 D\u00fczenledi<\/a><\/h3>\t\t\t\t\t\t\t\t\t\t<div class=\"upk-timeline-meta\">\r\n\t\t\t\t\t\t\t\t\t\t\t\t\t\t\t\t\t<\/div>\r\n\t\t\t\t<\/div>\r\n\t\t\t<\/div>\r\n\t\t<\/div>\r\n\t\t\t\t\t\t\t\t\t\t\t\t<\/div>\r\n\t\t\t\t<\/div>\r\n\t\t\t<\/div>\r\n\t\t<\/div>\r\n\t\t\t\t<\/div>\n\t\t\t\t<\/div>\n\t\t\t\t\t<\/div>\n\t\t<\/div>\n\t\t\t\t\t\t\t<\/div>\n\t\t<\/section>\n\t\t\t\t<section class=\"wd-negative-gap elementor-section elementor-top-section elementor-element elementor-element-2d584c3 elementor-hidden-desktop elementor-hidden-tablet elementor-hidden-mobile elementor-section-boxed elementor-section-height-default elementor-section-height-default wd-section-disabled\" data-id=\"2d584c3\" data-element_type=\"section\">\n\t\t\t\t\t\t<div class=\"elementor-container elementor-column-gap-default\">\n\t\t\t\t\t<div class=\"elementor-column elementor-col-100 elementor-top-column elementor-element elementor-element-1600f50\" data-id=\"1600f50\" data-element_type=\"column\">\n\t\t\t<div class=\"elementor-widget-wrap elementor-element-populated\">\n\t\t\t\t\t\t\t\t<div class=\"elementor-element elementor-element-4d40ebc elementor-posts--align-center elementor-grid-3 elementor-grid-tablet-2 elementor-grid-mobile-1 elementor-posts--thumbnail-top elementor-card-shadow-yes elementor-posts__hover-gradient elementor-widget elementor-widget-posts\" data-id=\"4d40ebc\" data-element_type=\"widget\" data-settings=\"{&quot;cards_row_gap&quot;:{&quot;unit&quot;:&quot;px&quot;,&quot;size&quot;:33,&quot;sizes&quot;:[]},&quot;cards_columns&quot;:&quot;3&quot;,&quot;cards_columns_tablet&quot;:&quot;2&quot;,&quot;cards_columns_mobile&quot;:&quot;1&quot;,&quot;cards_row_gap_tablet&quot;:{&quot;unit&quot;:&quot;px&quot;,&quot;size&quot;:&quot;&quot;,&quot;sizes&quot;:[]},&quot;cards_row_gap_mobile&quot;:{&quot;unit&quot;:&quot;px&quot;,&quot;size&quot;:&quot;&quot;,&quot;sizes&quot;:[]}}\" data-widget_type=\"posts.cards\">\n\t\t\t\t<div class=\"elementor-widget-container\">\n\t\t\t<link rel=\"stylesheet\" href=\"https:\/\/kahramanmarassulamabirligi.gov.tr\/wp-content\/plugins\/elementor-pro\/assets\/css\/widget-posts.min.css\">\t\t<div class=\"elementor-posts-container elementor-posts elementor-posts--skin-cards elementor-grid\">\n\t\t\t\t<article class=\"elementor-post elementor-grid-item post-9774 post type-post status-publish format-standard has-post-thumbnail hentry category-bizden-haberler category-genel category-slider category-son-eklenen-haberler\">\n\t\t\t<div class=\"elementor-post__card\">\n\t\t\t\t<a class=\"elementor-post__thumbnail__link\" href=\"http:\/\/kahramanmarassulamabirligi.gov.tr\/index.php\/2022\/11\/25\/pazarcik-belediye-baskaninin-birligimize-ziyareti\/\" ><div class=\"elementor-post__thumbnail\"><img loading=\"lazy\" decoding=\"async\" width=\"1293\" height=\"1200\" src=\"http:\/\/kahramanmarassulamabirligi.gov.tr\/wp-content\/themes\/woodmart\/images\/lazy.png\" class=\"attachment-full size-full wp-image-9776 wd-lazy-load woodmart-lazy-load wd-lazy-fade\" alt=\"\" srcset=\"\" sizes=\"auto, (max-width: 1293px) 100vw, 1293px\" data-wood-src=\"http:\/\/kahramanmarassulamabirligi.gov.tr\/wp-content\/uploads\/2022\/11\/Pazarcik-Ilce-Belediye-Baskaninin-Birligimize-Ziyareti-3.jpg\" data-srcset=\"http:\/\/kahramanmarassulamabirligi.gov.tr\/wp-content\/uploads\/2022\/11\/Pazarcik-Ilce-Belediye-Baskaninin-Birligimize-Ziyareti-3.jpg 1293w, http:\/\/kahramanmarassulamabirligi.gov.tr\/wp-content\/uploads\/2022\/11\/Pazarcik-Ilce-Belediye-Baskaninin-Birligimize-Ziyareti-3-323x300.jpg 323w, http:\/\/kahramanmarassulamabirligi.gov.tr\/wp-content\/uploads\/2022\/11\/Pazarcik-Ilce-Belediye-Baskaninin-Birligimize-Ziyareti-3-862x800.jpg 862w, http:\/\/kahramanmarassulamabirligi.gov.tr\/wp-content\/uploads\/2022\/11\/Pazarcik-Ilce-Belediye-Baskaninin-Birligimize-Ziyareti-3-768x713.jpg 768w\" \/><\/div><\/a>\n\t\t\t\t<div class=\"elementor-post__text\">\n\t\t\t\t<h6 class=\"elementor-post__title\">\n\t\t\t<a href=\"http:\/\/kahramanmarassulamabirligi.gov.tr\/index.php\/2022\/11\/25\/pazarcik-belediye-baskaninin-birligimize-ziyareti\/\" >\n\t\t\t\tPazarc\u0131k Belediye Ba\u015fkan\u0131&#8217;n\u0131n Birli\u011fimize Ziyareti\t\t\t<\/a>\n\t\t<\/h6>\n\t\t\t\t\t<a class=\"elementor-post__read-more\" href=\"http:\/\/kahramanmarassulamabirligi.gov.tr\/index.php\/2022\/11\/25\/pazarcik-belediye-baskaninin-birligimize-ziyareti\/\" >\n\t\t\t\t\u0130ncele \u00bb\t\t\t<\/a>\n\t\t\t\t<\/div>\n\t\t\t\t<div class=\"elementor-post__meta-data\">\n\t\t\t\t\t<span class=\"elementor-post-date\">\n\t\t\t25 Kas\u0131m 2022\t\t<\/span>\n\t\t\t\t<\/div>\n\t\t\t\t\t<\/div>\n\t\t<\/article>\n\t\t\t\t<article class=\"elementor-post elementor-grid-item post-9729 post type-post status-publish format-standard has-post-thumbnail hentry category-bizden-haberler category-genel category-slider category-son-eklenen-haberler\">\n\t\t\t<div class=\"elementor-post__card\">\n\t\t\t\t<a class=\"elementor-post__thumbnail__link\" href=\"http:\/\/kahramanmarassulamabirligi.gov.tr\/index.php\/2022\/11\/21\/8-kahramanmaras-tarim-fuarina-katilim-sagladik\/\" ><div class=\"elementor-post__thumbnail\"><img loading=\"lazy\" decoding=\"async\" width=\"768\" height=\"1024\" src=\"http:\/\/kahramanmarassulamabirligi.gov.tr\/wp-content\/themes\/woodmart\/images\/lazy.png\" class=\"attachment-full size-full wp-image-9754 wd-lazy-load woodmart-lazy-load wd-lazy-fade\" alt=\"\" srcset=\"\" sizes=\"auto, (max-width: 768px) 100vw, 768px\" data-wood-src=\"http:\/\/kahramanmarassulamabirligi.gov.tr\/wp-content\/uploads\/2022\/11\/8.kahramanmaras-tarim-fuari-1.jpeg\" data-srcset=\"http:\/\/kahramanmarassulamabirligi.gov.tr\/wp-content\/uploads\/2022\/11\/8.kahramanmaras-tarim-fuari-1.jpeg 768w, http:\/\/kahramanmarassulamabirligi.gov.tr\/wp-content\/uploads\/2022\/11\/8.kahramanmaras-tarim-fuari-1-225x300.jpeg 225w, http:\/\/kahramanmarassulamabirligi.gov.tr\/wp-content\/uploads\/2022\/11\/8.kahramanmaras-tarim-fuari-1-600x800.jpeg 600w\" \/><\/div><\/a>\n\t\t\t\t<div class=\"elementor-post__text\">\n\t\t\t\t<h6 class=\"elementor-post__title\">\n\t\t\t<a href=\"http:\/\/kahramanmarassulamabirligi.gov.tr\/index.php\/2022\/11\/21\/8-kahramanmaras-tarim-fuarina-katilim-sagladik\/\" >\n\t\t\t\t8. KAHRAMANMARA\u015e TARIM FUARINA KATILIM SA\u011eLADIK\t\t\t<\/a>\n\t\t<\/h6>\n\t\t\t\t\t<a class=\"elementor-post__read-more\" href=\"http:\/\/kahramanmarassulamabirligi.gov.tr\/index.php\/2022\/11\/21\/8-kahramanmaras-tarim-fuarina-katilim-sagladik\/\" >\n\t\t\t\t\u0130ncele \u00bb\t\t\t<\/a>\n\t\t\t\t<\/div>\n\t\t\t\t<div class=\"elementor-post__meta-data\">\n\t\t\t\t\t<span class=\"elementor-post-date\">\n\t\t\t21 Kas\u0131m 2022\t\t<\/span>\n\t\t\t\t<\/div>\n\t\t\t\t\t<\/div>\n\t\t<\/article>\n\t\t\t\t<article class=\"elementor-post elementor-grid-item post-9713 post type-post status-publish format-standard has-post-thumbnail hentry category-bizden-haberler category-slider category-son-eklenen-haberler\">\n\t\t\t<div class=\"elementor-post__card\">\n\t\t\t\t<a class=\"elementor-post__thumbnail__link\" href=\"http:\/\/kahramanmarassulamabirligi.gov.tr\/index.php\/2022\/10\/26\/dsi-genel-mudurlugu-isletme-bakim-daire-baskani-dr-m-ugur-yildirim-birligimizi-ziyaret-etti\/\" ><div class=\"elementor-post__thumbnail\"><img loading=\"lazy\" decoding=\"async\" width=\"1600\" height=\"1200\" src=\"http:\/\/kahramanmarassulamabirligi.gov.tr\/wp-content\/themes\/woodmart\/images\/lazy.png\" class=\"attachment-full size-full wp-image-9717 wd-lazy-load woodmart-lazy-load wd-lazy-fade\" alt=\"\" srcset=\"\" sizes=\"auto, (max-width: 1600px) 100vw, 1600px\" data-wood-src=\"http:\/\/kahramanmarassulamabirligi.gov.tr\/wp-content\/uploads\/2022\/10\/DSI-DAIRE-BASKANI-SN.-DR.-M.-UGUR-YILDIRIM-IN-BIRLIGIMIZE-ZIYARETI-1.jpeg\" data-srcset=\"http:\/\/kahramanmarassulamabirligi.gov.tr\/wp-content\/uploads\/2022\/10\/DSI-DAIRE-BASKANI-SN.-DR.-M.-UGUR-YILDIRIM-IN-BIRLIGIMIZE-ZIYARETI-1.jpeg 1600w, http:\/\/kahramanmarassulamabirligi.gov.tr\/wp-content\/uploads\/2022\/10\/DSI-DAIRE-BASKANI-SN.-DR.-M.-UGUR-YILDIRIM-IN-BIRLIGIMIZE-ZIYARETI-1-400x300.jpeg 400w, http:\/\/kahramanmarassulamabirligi.gov.tr\/wp-content\/uploads\/2022\/10\/DSI-DAIRE-BASKANI-SN.-DR.-M.-UGUR-YILDIRIM-IN-BIRLIGIMIZE-ZIYARETI-1-1067x800.jpeg 1067w, http:\/\/kahramanmarassulamabirligi.gov.tr\/wp-content\/uploads\/2022\/10\/DSI-DAIRE-BASKANI-SN.-DR.-M.-UGUR-YILDIRIM-IN-BIRLIGIMIZE-ZIYARETI-1-768x576.jpeg 768w, http:\/\/kahramanmarassulamabirligi.gov.tr\/wp-content\/uploads\/2022\/10\/DSI-DAIRE-BASKANI-SN.-DR.-M.-UGUR-YILDIRIM-IN-BIRLIGIMIZE-ZIYARETI-1-1536x1152.jpeg 1536w, http:\/\/kahramanmarassulamabirligi.gov.tr\/wp-content\/uploads\/2022\/10\/DSI-DAIRE-BASKANI-SN.-DR.-M.-UGUR-YILDIRIM-IN-BIRLIGIMIZE-ZIYARETI-1-1320x990.jpeg 1320w\" \/><\/div><\/a>\n\t\t\t\t<div class=\"elementor-post__text\">\n\t\t\t\t<h6 class=\"elementor-post__title\">\n\t\t\t<a href=\"http:\/\/kahramanmarassulamabirligi.gov.tr\/index.php\/2022\/10\/26\/dsi-genel-mudurlugu-isletme-bakim-daire-baskani-dr-m-ugur-yildirim-birligimizi-ziyaret-etti\/\" >\n\t\t\t\tDS\u0130 GENEL M\u00dcD\u00dcRL\u00dc\u011e\u00dc, \u0130\u015eLETME BAKIM DA\u0130RE BA\u015eKANI DR. M. U\u011eUR YILDIRIM B\u0130RL\u0130\u011e\u0130M\u0130Z\u0130 Z\u0130YARET ETT\u0130\t\t\t<\/a>\n\t\t<\/h6>\n\t\t\t\t\t<a class=\"elementor-post__read-more\" href=\"http:\/\/kahramanmarassulamabirligi.gov.tr\/index.php\/2022\/10\/26\/dsi-genel-mudurlugu-isletme-bakim-daire-baskani-dr-m-ugur-yildirim-birligimizi-ziyaret-etti\/\" >\n\t\t\t\t\u0130ncele \u00bb\t\t\t<\/a>\n\t\t\t\t<\/div>\n\t\t\t\t<div class=\"elementor-post__meta-data\">\n\t\t\t\t\t<span class=\"elementor-post-date\">\n\t\t\t26 Ekim 2022\t\t<\/span>\n\t\t\t\t<\/div>\n\t\t\t\t\t<\/div>\n\t\t<\/article>\n\t\t\t\t<article class=\"elementor-post elementor-grid-item post-9311 post type-post status-publish format-standard has-post-thumbnail hentry category-arazi-calismalari category-bizden-haberler category-slider category-son-eklenen-haberler\">\n\t\t\t<div class=\"elementor-post__card\">\n\t\t\t\t<a class=\"elementor-post__thumbnail__link\" href=\"http:\/\/kahramanmarassulamabirligi.gov.tr\/index.php\/2022\/10\/13\/y-6-kanali-bakim-onarim-calismalari\/\" ><div class=\"elementor-post__thumbnail\"><img loading=\"lazy\" decoding=\"async\" width=\"525\" height=\"700\" src=\"http:\/\/kahramanmarassulamabirligi.gov.tr\/wp-content\/themes\/woodmart\/images\/lazy.png\" class=\"attachment-full size-full wp-image-9313 wd-lazy-load woodmart-lazy-load wd-lazy-fade\" alt=\"\" srcset=\"\" sizes=\"auto, (max-width: 525px) 100vw, 525px\" data-wood-src=\"http:\/\/kahramanmarassulamabirligi.gov.tr\/wp-content\/uploads\/2022\/10\/Y-6-KANALI-BAKIM-ONARIMI-13-e1665661948865.jpeg\" data-srcset=\"http:\/\/kahramanmarassulamabirligi.gov.tr\/wp-content\/uploads\/2022\/10\/Y-6-KANALI-BAKIM-ONARIMI-13-e1665661948865.jpeg 525w, http:\/\/kahramanmarassulamabirligi.gov.tr\/wp-content\/uploads\/2022\/10\/Y-6-KANALI-BAKIM-ONARIMI-13-e1665661948865-225x300.jpeg 225w\" \/><\/div><\/a>\n\t\t\t\t<div class=\"elementor-post__text\">\n\t\t\t\t<h6 class=\"elementor-post__title\">\n\t\t\t<a href=\"http:\/\/kahramanmarassulamabirligi.gov.tr\/index.php\/2022\/10\/13\/y-6-kanali-bakim-onarim-calismalari\/\" >\n\t\t\t\tY-6 Kanal\u0131 Bak\u0131m Onar\u0131m \u00c7al\u0131\u015fmalar\u0131\t\t\t<\/a>\n\t\t<\/h6>\n\t\t\t\t\t<a class=\"elementor-post__read-more\" href=\"http:\/\/kahramanmarassulamabirligi.gov.tr\/index.php\/2022\/10\/13\/y-6-kanali-bakim-onarim-calismalari\/\" >\n\t\t\t\t\u0130ncele \u00bb\t\t\t<\/a>\n\t\t\t\t<\/div>\n\t\t\t\t<div class=\"elementor-post__meta-data\">\n\t\t\t\t\t<span class=\"elementor-post-date\">\n\t\t\t13 Ekim 2022\t\t<\/span>\n\t\t\t\t<\/div>\n\t\t\t\t\t<\/div>\n\t\t<\/article>\n\t\t\t\t<article class=\"elementor-post elementor-grid-item post-9494 post type-post status-publish format-standard has-post-thumbnail hentry category-bizden-haberler category-slider category-son-eklenen-haberler\">\n\t\t\t<div class=\"elementor-post__card\">\n\t\t\t\t<a class=\"elementor-post__thumbnail__link\" href=\"http:\/\/kahramanmarassulamabirligi.gov.tr\/index.php\/2022\/09\/09\/birlik-baskanimiz-kahramanmaras-esnaf-ve-sanatkarlar-odalari-birligi-baskanina-hayirli-olsun-ziyaretinde-bulundu\/\" ><div class=\"elementor-post__thumbnail\"><img loading=\"lazy\" decoding=\"async\" width=\"720\" height=\"540\" src=\"http:\/\/kahramanmarassulamabirligi.gov.tr\/wp-content\/themes\/woodmart\/images\/lazy.png\" class=\"attachment-full size-full wp-image-9496 wd-lazy-load woodmart-lazy-load wd-lazy-fade\" alt=\"\" srcset=\"\" sizes=\"auto, (max-width: 720px) 100vw, 720px\" data-wood-src=\"http:\/\/kahramanmarassulamabirligi.gov.tr\/wp-content\/uploads\/2022\/10\/Kahramanmaras-Esnaf-ve-Sanatkarlar-Odalari-Birligi-Baskanina-Ziyaret.jpg\" data-srcset=\"http:\/\/kahramanmarassulamabirligi.gov.tr\/wp-content\/uploads\/2022\/10\/Kahramanmaras-Esnaf-ve-Sanatkarlar-Odalari-Birligi-Baskanina-Ziyaret.jpg 720w, http:\/\/kahramanmarassulamabirligi.gov.tr\/wp-content\/uploads\/2022\/10\/Kahramanmaras-Esnaf-ve-Sanatkarlar-Odalari-Birligi-Baskanina-Ziyaret-400x300.jpg 400w\" \/><\/div><\/a>\n\t\t\t\t<div class=\"elementor-post__text\">\n\t\t\t\t<h6 class=\"elementor-post__title\">\n\t\t\t<a href=\"http:\/\/kahramanmarassulamabirligi.gov.tr\/index.php\/2022\/09\/09\/birlik-baskanimiz-kahramanmaras-esnaf-ve-sanatkarlar-odalari-birligi-baskanina-hayirli-olsun-ziyaretinde-bulundu\/\" >\n\t\t\t\tBirlik Ba\u015fkan\u0131m\u0131z, Kahramanmara\u015f Esnaf ve Sanatkarlar Odalar\u0131 Birli\u011fi Ba\u015fkan\u0131na Hay\u0131rl\u0131 Olsun Ziyaretinde Bulundu\t\t\t<\/a>\n\t\t<\/h6>\n\t\t\t\t\t<a class=\"elementor-post__read-more\" href=\"http:\/\/kahramanmarassulamabirligi.gov.tr\/index.php\/2022\/09\/09\/birlik-baskanimiz-kahramanmaras-esnaf-ve-sanatkarlar-odalari-birligi-baskanina-hayirli-olsun-ziyaretinde-bulundu\/\" >\n\t\t\t\t\u0130ncele \u00bb\t\t\t<\/a>\n\t\t\t\t<\/div>\n\t\t\t\t<div class=\"elementor-post__meta-data\">\n\t\t\t\t\t<span class=\"elementor-post-date\">\n\t\t\t9 Eyl\u00fcl 2022\t\t<\/span>\n\t\t\t\t<\/div>\n\t\t\t\t\t<\/div>\n\t\t<\/article>\n\t\t\t\t<article class=\"elementor-post elementor-grid-item post-9220 post type-post status-publish format-standard has-post-thumbnail hentry category-bizden-haberler category-slider category-son-eklenen-haberler\">\n\t\t\t<div class=\"elementor-post__card\">\n\t\t\t\t<a class=\"elementor-post__thumbnail__link\" href=\"http:\/\/kahramanmarassulamabirligi.gov.tr\/index.php\/2022\/08\/25\/pioner-tarla-gunu\/\" ><div class=\"elementor-post__thumbnail\"><img loading=\"lazy\" decoding=\"async\" width=\"2560\" height=\"1707\" src=\"http:\/\/kahramanmarassulamabirligi.gov.tr\/wp-content\/themes\/woodmart\/images\/lazy.png\" class=\"attachment-full size-full wp-image-9228 wd-lazy-load woodmart-lazy-load wd-lazy-fade\" alt=\"\" srcset=\"\" sizes=\"auto, (max-width: 2560px) 100vw, 2560px\" data-wood-src=\"http:\/\/kahramanmarassulamabirligi.gov.tr\/wp-content\/uploads\/2022\/09\/TarlaGunu-8-scaled.jpg\" data-srcset=\"http:\/\/kahramanmarassulamabirligi.gov.tr\/wp-content\/uploads\/2022\/09\/TarlaGunu-8-scaled.jpg 2560w, http:\/\/kahramanmarassulamabirligi.gov.tr\/wp-content\/uploads\/2022\/09\/TarlaGunu-8-400x267.jpg 400w, http:\/\/kahramanmarassulamabirligi.gov.tr\/wp-content\/uploads\/2022\/09\/TarlaGunu-8-1200x800.jpg 1200w, http:\/\/kahramanmarassulamabirligi.gov.tr\/wp-content\/uploads\/2022\/09\/TarlaGunu-8-768x512.jpg 768w, http:\/\/kahramanmarassulamabirligi.gov.tr\/wp-content\/uploads\/2022\/09\/TarlaGunu-8-1536x1024.jpg 1536w, http:\/\/kahramanmarassulamabirligi.gov.tr\/wp-content\/uploads\/2022\/09\/TarlaGunu-8-2048x1365.jpg 2048w, http:\/\/kahramanmarassulamabirligi.gov.tr\/wp-content\/uploads\/2022\/09\/TarlaGunu-8-1320x880.jpg 1320w\" \/><\/div><\/a>\n\t\t\t\t<div class=\"elementor-post__text\">\n\t\t\t\t<h6 class=\"elementor-post__title\">\n\t\t\t<a href=\"http:\/\/kahramanmarassulamabirligi.gov.tr\/index.php\/2022\/08\/25\/pioner-tarla-gunu\/\" >\n\t\t\t\tPioneer Tarla G\u00fcn\u00fc\t\t\t<\/a>\n\t\t<\/h6>\n\t\t\t\t\t<a class=\"elementor-post__read-more\" href=\"http:\/\/kahramanmarassulamabirligi.gov.tr\/index.php\/2022\/08\/25\/pioner-tarla-gunu\/\" >\n\t\t\t\t\u0130ncele \u00bb\t\t\t<\/a>\n\t\t\t\t<\/div>\n\t\t\t\t<div class=\"elementor-post__meta-data\">\n\t\t\t\t\t<span class=\"elementor-post-date\">\n\t\t\t25 A\u011fustos 2022\t\t<\/span>\n\t\t\t\t<\/div>\n\t\t\t\t\t<\/div>\n\t\t<\/article>\n\t\t\t\t<article class=\"elementor-post elementor-grid-item post-9439 post type-post status-publish format-standard has-post-thumbnail hentry category-bizden-haberler category-slider category-son-eklenen-haberler\">\n\t\t\t<div class=\"elementor-post__card\">\n\t\t\t\t<a class=\"elementor-post__thumbnail__link\" href=\"http:\/\/kahramanmarassulamabirligi.gov.tr\/index.php\/2022\/08\/04\/birlik-baskanimiz-sn-erol-geyik-tigem-genel-mudurunu-makaminda-ziyaret-etti\/\" ><div class=\"elementor-post__thumbnail\"><img loading=\"lazy\" decoding=\"async\" width=\"720\" height=\"540\" src=\"http:\/\/kahramanmarassulamabirligi.gov.tr\/wp-content\/themes\/woodmart\/images\/lazy.png\" class=\"attachment-full size-full wp-image-9441 wd-lazy-load woodmart-lazy-load wd-lazy-fade\" alt=\"\" srcset=\"\" sizes=\"auto, (max-width: 720px) 100vw, 720px\" data-wood-src=\"http:\/\/kahramanmarassulamabirligi.gov.tr\/wp-content\/uploads\/2022\/10\/tigem-genel-mudurune-ziyaret.jpg\" data-srcset=\"http:\/\/kahramanmarassulamabirligi.gov.tr\/wp-content\/uploads\/2022\/10\/tigem-genel-mudurune-ziyaret.jpg 720w, http:\/\/kahramanmarassulamabirligi.gov.tr\/wp-content\/uploads\/2022\/10\/tigem-genel-mudurune-ziyaret-400x300.jpg 400w\" \/><\/div><\/a>\n\t\t\t\t<div class=\"elementor-post__text\">\n\t\t\t\t<h6 class=\"elementor-post__title\">\n\t\t\t<a href=\"http:\/\/kahramanmarassulamabirligi.gov.tr\/index.php\/2022\/08\/04\/birlik-baskanimiz-sn-erol-geyik-tigem-genel-mudurunu-makaminda-ziyaret-etti\/\" >\n\t\t\t\tBirlik Ba\u015fkan\u0131m\u0131z Sn. Erol GEY\u0130K Tigem Genel M\u00fcd\u00fcr\u00fcn\u00fc Makam\u0131nda Ziyaret Etti\t\t\t<\/a>\n\t\t<\/h6>\n\t\t\t\t\t<a class=\"elementor-post__read-more\" href=\"http:\/\/kahramanmarassulamabirligi.gov.tr\/index.php\/2022\/08\/04\/birlik-baskanimiz-sn-erol-geyik-tigem-genel-mudurunu-makaminda-ziyaret-etti\/\" >\n\t\t\t\t\u0130ncele \u00bb\t\t\t<\/a>\n\t\t\t\t<\/div>\n\t\t\t\t<div class=\"elementor-post__meta-data\">\n\t\t\t\t\t<span class=\"elementor-post-date\">\n\t\t\t4 A\u011fustos 2022\t\t<\/span>\n\t\t\t\t<\/div>\n\t\t\t\t\t<\/div>\n\t\t<\/article>\n\t\t\t\t<article class=\"elementor-post elementor-grid-item post-8700 post type-post status-publish format-standard has-post-thumbnail hentry category-bizden-haberler category-slider category-son-eklenen-haberler\">\n\t\t\t<div class=\"elementor-post__card\">\n\t\t\t\t<a class=\"elementor-post__thumbnail__link\" href=\"http:\/\/kahramanmarassulamabirligi.gov.tr\/index.php\/2022\/06\/22\/pazarcik-belediyesi-bescesme-sarimsagi-1-calistayi-yapildi\/\" ><div class=\"elementor-post__thumbnail\"><img loading=\"lazy\" decoding=\"async\" width=\"961\" height=\"640\" src=\"http:\/\/kahramanmarassulamabirligi.gov.tr\/wp-content\/themes\/woodmart\/images\/lazy.png\" class=\"attachment-full size-full wp-image-8701 wd-lazy-load woodmart-lazy-load wd-lazy-fade\" alt=\"\" srcset=\"\" sizes=\"auto, (max-width: 961px) 100vw, 961px\" data-wood-src=\"http:\/\/kahramanmarassulamabirligi.gov.tr\/wp-content\/uploads\/2022\/08\/WhatsApp_Image_2022_06_22_at_143110.jpeg\" data-srcset=\"http:\/\/kahramanmarassulamabirligi.gov.tr\/wp-content\/uploads\/2022\/08\/WhatsApp_Image_2022_06_22_at_143110.jpeg 961w, http:\/\/kahramanmarassulamabirligi.gov.tr\/wp-content\/uploads\/2022\/08\/WhatsApp_Image_2022_06_22_at_143110-430x286.jpeg 430w, http:\/\/kahramanmarassulamabirligi.gov.tr\/wp-content\/uploads\/2022\/08\/WhatsApp_Image_2022_06_22_at_143110-150x100.jpeg 150w, http:\/\/kahramanmarassulamabirligi.gov.tr\/wp-content\/uploads\/2022\/08\/WhatsApp_Image_2022_06_22_at_143110-700x466.jpeg 700w, http:\/\/kahramanmarassulamabirligi.gov.tr\/wp-content\/uploads\/2022\/08\/WhatsApp_Image_2022_06_22_at_143110-400x266.jpeg 400w, http:\/\/kahramanmarassulamabirligi.gov.tr\/wp-content\/uploads\/2022\/08\/WhatsApp_Image_2022_06_22_at_143110-768x511.jpeg 768w, http:\/\/kahramanmarassulamabirligi.gov.tr\/wp-content\/uploads\/2022\/08\/WhatsApp_Image_2022_06_22_at_143110-860x573.jpeg 860w\" \/><\/div><\/a>\n\t\t\t\t<div class=\"elementor-post__text\">\n\t\t\t\t<h6 class=\"elementor-post__title\">\n\t\t\t<a href=\"http:\/\/kahramanmarassulamabirligi.gov.tr\/index.php\/2022\/06\/22\/pazarcik-belediyesi-bescesme-sarimsagi-1-calistayi-yapildi\/\" >\n\t\t\t\tPazarc\u0131k Belediyesi Be\u015f\u00e7e\u015fme Sar\u0131msa\u011f\u0131 1. \u00c7al\u0131\u015ftay\u0131 Yap\u0131ld\u0131\t\t\t<\/a>\n\t\t<\/h6>\n\t\t\t\t\t<a class=\"elementor-post__read-more\" href=\"http:\/\/kahramanmarassulamabirligi.gov.tr\/index.php\/2022\/06\/22\/pazarcik-belediyesi-bescesme-sarimsagi-1-calistayi-yapildi\/\" >\n\t\t\t\t\u0130ncele \u00bb\t\t\t<\/a>\n\t\t\t\t<\/div>\n\t\t\t\t<div class=\"elementor-post__meta-data\">\n\t\t\t\t\t<span class=\"elementor-post-date\">\n\t\t\t22 Haziran 2022\t\t<\/span>\n\t\t\t\t<\/div>\n\t\t\t\t\t<\/div>\n\t\t<\/article>\n\t\t\t\t<article class=\"elementor-post elementor-grid-item post-9510 post type-post status-publish format-standard has-post-thumbnail hentry category-bizden-haberler category-slider category-son-eklenen-haberler\">\n\t\t\t<div class=\"elementor-post__card\">\n\t\t\t\t<a class=\"elementor-post__thumbnail__link\" href=\"http:\/\/kahramanmarassulamabirligi.gov.tr\/index.php\/2022\/06\/15\/eski-ticaret-bakanimiz-sn-kursat-tuzmen-birligimizi-ziyaret-etti\/\" ><div class=\"elementor-post__thumbnail\"><img loading=\"lazy\" decoding=\"async\" width=\"526\" height=\"701\" src=\"http:\/\/kahramanmarassulamabirligi.gov.tr\/wp-content\/themes\/woodmart\/images\/lazy.png\" class=\"attachment-full size-full wp-image-9512 wd-lazy-load woodmart-lazy-load wd-lazy-fade\" alt=\"\" srcset=\"\" sizes=\"auto, (max-width: 526px) 100vw, 526px\" data-wood-src=\"http:\/\/kahramanmarassulamabirligi.gov.tr\/wp-content\/uploads\/2022\/10\/eski-ticaret-bakaninin-birligimize-ziyareti.jpg\" data-srcset=\"http:\/\/kahramanmarassulamabirligi.gov.tr\/wp-content\/uploads\/2022\/10\/eski-ticaret-bakaninin-birligimize-ziyareti.jpg 526w, http:\/\/kahramanmarassulamabirligi.gov.tr\/wp-content\/uploads\/2022\/10\/eski-ticaret-bakaninin-birligimize-ziyareti-225x300.jpg 225w\" \/><\/div><\/a>\n\t\t\t\t<div class=\"elementor-post__text\">\n\t\t\t\t<h6 class=\"elementor-post__title\">\n\t\t\t<a href=\"http:\/\/kahramanmarassulamabirligi.gov.tr\/index.php\/2022\/06\/15\/eski-ticaret-bakanimiz-sn-kursat-tuzmen-birligimizi-ziyaret-etti\/\" >\n\t\t\t\tEski Ticaret Bakan\u0131m\u0131z Sn. K\u00fcr\u015fat T\u00dcZMEN Birli\u011fimizi Ziyaret Etti\t\t\t<\/a>\n\t\t<\/h6>\n\t\t\t\t\t<a class=\"elementor-post__read-more\" href=\"http:\/\/kahramanmarassulamabirligi.gov.tr\/index.php\/2022\/06\/15\/eski-ticaret-bakanimiz-sn-kursat-tuzmen-birligimizi-ziyaret-etti\/\" >\n\t\t\t\t\u0130ncele \u00bb\t\t\t<\/a>\n\t\t\t\t<\/div>\n\t\t\t\t<div class=\"elementor-post__meta-data\">\n\t\t\t\t\t<span class=\"elementor-post-date\">\n\t\t\t15 Haziran 2022\t\t<\/span>\n\t\t\t\t<\/div>\n\t\t\t\t\t<\/div>\n\t\t<\/article>\n\t\t\t\t<article class=\"elementor-post elementor-grid-item post-8741 post type-post status-publish format-standard has-post-thumbnail hentry category-bizden-haberler category-slider category-son-eklenen-haberler\">\n\t\t\t<div class=\"elementor-post__card\">\n\t\t\t\t<a class=\"elementor-post__thumbnail__link\" href=\"http:\/\/kahramanmarassulamabirligi.gov.tr\/index.php\/2022\/06\/13\/kahramanmaras-pazarcik-kartalkaya-baraji-sulamasi-yenileme-projesi-tanitim-toplantisi\/\" ><div class=\"elementor-post__thumbnail\"><img loading=\"lazy\" decoding=\"async\" width=\"1600\" height=\"1058\" src=\"http:\/\/kahramanmarassulamabirligi.gov.tr\/wp-content\/themes\/woodmart\/images\/lazy.png\" class=\"attachment-full size-full wp-image-8742 wd-lazy-load woodmart-lazy-load wd-lazy-fade\" alt=\"\" srcset=\"\" sizes=\"auto, (max-width: 1600px) 100vw, 1600px\" data-wood-src=\"http:\/\/kahramanmarassulamabirligi.gov.tr\/wp-content\/uploads\/2022\/08\/Foto_10.jpeg\" data-srcset=\"http:\/\/kahramanmarassulamabirligi.gov.tr\/wp-content\/uploads\/2022\/08\/Foto_10.jpeg 1600w, http:\/\/kahramanmarassulamabirligi.gov.tr\/wp-content\/uploads\/2022\/08\/Foto_10-400x265.jpeg 400w, http:\/\/kahramanmarassulamabirligi.gov.tr\/wp-content\/uploads\/2022\/08\/Foto_10-1210x800.jpeg 1210w, http:\/\/kahramanmarassulamabirligi.gov.tr\/wp-content\/uploads\/2022\/08\/Foto_10-768x508.jpeg 768w, http:\/\/kahramanmarassulamabirligi.gov.tr\/wp-content\/uploads\/2022\/08\/Foto_10-1536x1016.jpeg 1536w, http:\/\/kahramanmarassulamabirligi.gov.tr\/wp-content\/uploads\/2022\/08\/Foto_10-1320x873.jpeg 1320w\" \/><\/div><\/a>\n\t\t\t\t<div class=\"elementor-post__text\">\n\t\t\t\t<h6 class=\"elementor-post__title\">\n\t\t\t<a href=\"http:\/\/kahramanmarassulamabirligi.gov.tr\/index.php\/2022\/06\/13\/kahramanmaras-pazarcik-kartalkaya-baraji-sulamasi-yenileme-projesi-tanitim-toplantisi\/\" >\n\t\t\t\tKahramanmara\u015f Pazarc\u0131k Kartalkaya Baraj\u0131 Sulamas\u0131 Yenileme Projesi Tan\u0131t\u0131m Toplant\u0131s\u0131\t\t\t<\/a>\n\t\t<\/h6>\n\t\t\t\t\t<a class=\"elementor-post__read-more\" href=\"http:\/\/kahramanmarassulamabirligi.gov.tr\/index.php\/2022\/06\/13\/kahramanmaras-pazarcik-kartalkaya-baraji-sulamasi-yenileme-projesi-tanitim-toplantisi\/\" >\n\t\t\t\t\u0130ncele \u00bb\t\t\t<\/a>\n\t\t\t\t<\/div>\n\t\t\t\t<div class=\"elementor-post__meta-data\">\n\t\t\t\t\t<span class=\"elementor-post-date\">\n\t\t\t13 Haziran 2022\t\t<\/span>\n\t\t\t\t<\/div>\n\t\t\t\t\t<\/div>\n\t\t<\/article>\n\t\t\t\t<article class=\"elementor-post elementor-grid-item post-8731 post type-post status-publish format-standard has-post-thumbnail hentry category-bizden-haberler category-slider category-son-eklenen-haberler\">\n\t\t\t<div class=\"elementor-post__card\">\n\t\t\t\t<a class=\"elementor-post__thumbnail__link\" href=\"http:\/\/kahramanmarassulamabirligi.gov.tr\/index.php\/2022\/06\/13\/baskanimiz-kahramanmaras-pazarcik-bescesme-sarimsak-festivaline-katildi\/\" ><div class=\"elementor-post__thumbnail\"><img loading=\"lazy\" decoding=\"async\" width=\"2560\" height=\"1707\" src=\"http:\/\/kahramanmarassulamabirligi.gov.tr\/wp-content\/themes\/woodmart\/images\/lazy.png\" class=\"attachment-full size-full wp-image-8734 wd-lazy-load woodmart-lazy-load wd-lazy-fade\" alt=\"\" srcset=\"\" sizes=\"auto, (max-width: 2560px) 100vw, 2560px\" data-wood-src=\"http:\/\/kahramanmarassulamabirligi.gov.tr\/wp-content\/uploads\/2022\/08\/DSC_0355-scaled.jpg\" data-srcset=\"http:\/\/kahramanmarassulamabirligi.gov.tr\/wp-content\/uploads\/2022\/08\/DSC_0355-scaled.jpg 2560w, http:\/\/kahramanmarassulamabirligi.gov.tr\/wp-content\/uploads\/2022\/08\/DSC_0355-400x267.jpg 400w, http:\/\/kahramanmarassulamabirligi.gov.tr\/wp-content\/uploads\/2022\/08\/DSC_0355-1200x800.jpg 1200w, http:\/\/kahramanmarassulamabirligi.gov.tr\/wp-content\/uploads\/2022\/08\/DSC_0355-768x512.jpg 768w, http:\/\/kahramanmarassulamabirligi.gov.tr\/wp-content\/uploads\/2022\/08\/DSC_0355-1536x1024.jpg 1536w, http:\/\/kahramanmarassulamabirligi.gov.tr\/wp-content\/uploads\/2022\/08\/DSC_0355-2048x1365.jpg 2048w, http:\/\/kahramanmarassulamabirligi.gov.tr\/wp-content\/uploads\/2022\/08\/DSC_0355-1320x880.jpg 1320w\" \/><\/div><\/a>\n\t\t\t\t<div class=\"elementor-post__text\">\n\t\t\t\t<h6 class=\"elementor-post__title\">\n\t\t\t<a href=\"http:\/\/kahramanmarassulamabirligi.gov.tr\/index.php\/2022\/06\/13\/baskanimiz-kahramanmaras-pazarcik-bescesme-sarimsak-festivaline-katildi\/\" >\n\t\t\t\tBa\u015fkan\u0131m\u0131z, Kahramanmara\u015f Pazarc\u0131k Be\u015f\u00e7e\u015fme Sar\u0131msak Festivaline Kat\u0131ld\u0131\t\t\t<\/a>\n\t\t<\/h6>\n\t\t\t\t\t<a class=\"elementor-post__read-more\" href=\"http:\/\/kahramanmarassulamabirligi.gov.tr\/index.php\/2022\/06\/13\/baskanimiz-kahramanmaras-pazarcik-bescesme-sarimsak-festivaline-katildi\/\" >\n\t\t\t\t\u0130ncele \u00bb\t\t\t<\/a>\n\t\t\t\t<\/div>\n\t\t\t\t<div class=\"elementor-post__meta-data\">\n\t\t\t\t\t<span class=\"elementor-post-date\">\n\t\t\t13 Haziran 2022\t\t<\/span>\n\t\t\t\t<\/div>\n\t\t\t\t\t<\/div>\n\t\t<\/article>\n\t\t\t\t<article class=\"elementor-post elementor-grid-item post-8708 post type-post status-publish format-standard has-post-thumbnail hentry category-bizden-haberler category-slider category-son-eklenen-haberler\">\n\t\t\t<div class=\"elementor-post__card\">\n\t\t\t\t<a class=\"elementor-post__thumbnail__link\" href=\"http:\/\/kahramanmarassulamabirligi.gov.tr\/index.php\/2022\/05\/11\/kahramanmaras-sutcu-imam-universi-biyosistem-muhendisligi-ogrencileri-icin-birligimize-teknik-gezi-duzenledi\/\" ><div class=\"elementor-post__thumbnail\"><img loading=\"lazy\" decoding=\"async\" width=\"2560\" height=\"1707\" src=\"http:\/\/kahramanmarassulamabirligi.gov.tr\/wp-content\/themes\/woodmart\/images\/lazy.png\" class=\"attachment-full size-full wp-image-8710 wd-lazy-load woodmart-lazy-load wd-lazy-fade\" alt=\"\" srcset=\"\" sizes=\"auto, (max-width: 2560px) 100vw, 2560px\" data-wood-src=\"http:\/\/kahramanmarassulamabirligi.gov.tr\/wp-content\/uploads\/2022\/08\/DSC_0008_2-scaled.jpg\" data-srcset=\"http:\/\/kahramanmarassulamabirligi.gov.tr\/wp-content\/uploads\/2022\/08\/DSC_0008_2-scaled.jpg 2560w, http:\/\/kahramanmarassulamabirligi.gov.tr\/wp-content\/uploads\/2022\/08\/DSC_0008_2-scaled-430x287.jpg 430w, http:\/\/kahramanmarassulamabirligi.gov.tr\/wp-content\/uploads\/2022\/08\/DSC_0008_2-scaled-150x100.jpg 150w, http:\/\/kahramanmarassulamabirligi.gov.tr\/wp-content\/uploads\/2022\/08\/DSC_0008_2-scaled-700x467.jpg 700w, http:\/\/kahramanmarassulamabirligi.gov.tr\/wp-content\/uploads\/2022\/08\/DSC_0008_2-400x267.jpg 400w, http:\/\/kahramanmarassulamabirligi.gov.tr\/wp-content\/uploads\/2022\/08\/DSC_0008_2-1200x800.jpg 1200w, http:\/\/kahramanmarassulamabirligi.gov.tr\/wp-content\/uploads\/2022\/08\/DSC_0008_2-768x512.jpg 768w, http:\/\/kahramanmarassulamabirligi.gov.tr\/wp-content\/uploads\/2022\/08\/DSC_0008_2-1536x1024.jpg 1536w, http:\/\/kahramanmarassulamabirligi.gov.tr\/wp-content\/uploads\/2022\/08\/DSC_0008_2-2048x1365.jpg 2048w, http:\/\/kahramanmarassulamabirligi.gov.tr\/wp-content\/uploads\/2022\/08\/DSC_0008_2-860x573.jpg 860w, http:\/\/kahramanmarassulamabirligi.gov.tr\/wp-content\/uploads\/2022\/08\/DSC_0008_2-1320x880.jpg 1320w\" \/><\/div><\/a>\n\t\t\t\t<div class=\"elementor-post__text\">\n\t\t\t\t<h6 class=\"elementor-post__title\">\n\t\t\t<a href=\"http:\/\/kahramanmarassulamabirligi.gov.tr\/index.php\/2022\/05\/11\/kahramanmaras-sutcu-imam-universi-biyosistem-muhendisligi-ogrencileri-icin-birligimize-teknik-gezi-duzenledi\/\" >\n\t\t\t\tKahramanmara\u015f S\u00fct\u00e7\u00fc \u0130mam \u00dcniversi Biyosistem M\u00fchendisli\u011fi \u00d6\u011frencileri i\u00e7in Birli\u011fimize Teknik Gezi D\u00fczenledi\t\t\t<\/a>\n\t\t<\/h6>\n\t\t\t\t\t<a class=\"elementor-post__read-more\" href=\"http:\/\/kahramanmarassulamabirligi.gov.tr\/index.php\/2022\/05\/11\/kahramanmaras-sutcu-imam-universi-biyosistem-muhendisligi-ogrencileri-icin-birligimize-teknik-gezi-duzenledi\/\" >\n\t\t\t\t\u0130ncele \u00bb\t\t\t<\/a>\n\t\t\t\t<\/div>\n\t\t\t\t<div class=\"elementor-post__meta-data\">\n\t\t\t\t\t<span class=\"elementor-post-date\">\n\t\t\t11 May\u0131s 2022\t\t<\/span>\n\t\t\t\t<\/div>\n\t\t\t\t\t<\/div>\n\t\t<\/article>\n\t\t\t\t<article class=\"elementor-post elementor-grid-item post-9471 post type-post status-publish format-standard has-post-thumbnail hentry category-bizden-haberler category-slider category-son-eklenen-haberler\">\n\t\t\t<div class=\"elementor-post__card\">\n\t\t\t\t<a class=\"elementor-post__thumbnail__link\" href=\"http:\/\/kahramanmarassulamabirligi.gov.tr\/index.php\/2022\/04\/30\/birlik-baskanimiz-tarim-orman-bakanimiz-sn-vahit-kirisciyi-havaalaninda-karsiladi\/\" ><div class=\"elementor-post__thumbnail\"><img loading=\"lazy\" decoding=\"async\" width=\"720\" height=\"540\" src=\"http:\/\/kahramanmarassulamabirligi.gov.tr\/wp-content\/themes\/woodmart\/images\/lazy.png\" class=\"attachment-full size-full wp-image-9477 wd-lazy-load woodmart-lazy-load wd-lazy-fade\" alt=\"\" srcset=\"\" sizes=\"auto, (max-width: 720px) 100vw, 720px\" data-wood-src=\"http:\/\/kahramanmarassulamabirligi.gov.tr\/wp-content\/uploads\/2022\/04\/tarim-bakani-ve-bakan-yardimcisi-karsilamasi-2.jpg\" data-srcset=\"http:\/\/kahramanmarassulamabirligi.gov.tr\/wp-content\/uploads\/2022\/04\/tarim-bakani-ve-bakan-yardimcisi-karsilamasi-2.jpg 720w, http:\/\/kahramanmarassulamabirligi.gov.tr\/wp-content\/uploads\/2022\/04\/tarim-bakani-ve-bakan-yardimcisi-karsilamasi-2-400x300.jpg 400w\" \/><\/div><\/a>\n\t\t\t\t<div class=\"elementor-post__text\">\n\t\t\t\t<h6 class=\"elementor-post__title\">\n\t\t\t<a href=\"http:\/\/kahramanmarassulamabirligi.gov.tr\/index.php\/2022\/04\/30\/birlik-baskanimiz-tarim-orman-bakanimiz-sn-vahit-kirisciyi-havaalaninda-karsiladi\/\" >\n\t\t\t\tBirlik Ba\u015fkan\u0131m\u0131z, Tar\u0131m ve Orman Bakan\u0131m\u0131z ve Tar\u0131m ve Orman Bakan Yard\u0131mc\u0131s\u0131n\u0131 Havaalan\u0131nda Kar\u015f\u0131lad\u0131\t\t\t<\/a>\n\t\t<\/h6>\n\t\t\t\t\t<a class=\"elementor-post__read-more\" href=\"http:\/\/kahramanmarassulamabirligi.gov.tr\/index.php\/2022\/04\/30\/birlik-baskanimiz-tarim-orman-bakanimiz-sn-vahit-kirisciyi-havaalaninda-karsiladi\/\" >\n\t\t\t\t\u0130ncele \u00bb\t\t\t<\/a>\n\t\t\t\t<\/div>\n\t\t\t\t<div class=\"elementor-post__meta-data\">\n\t\t\t\t\t<span class=\"elementor-post-date\">\n\t\t\t30 Nisan 2022\t\t<\/span>\n\t\t\t\t<\/div>\n\t\t\t\t\t<\/div>\n\t\t<\/article>\n\t\t\t\t<article class=\"elementor-post elementor-grid-item post-9358 post type-post status-publish format-standard has-post-thumbnail hentry category-bizden-haberler category-slider category-son-eklenen-haberler\">\n\t\t\t<div class=\"elementor-post__card\">\n\t\t\t\t<a class=\"elementor-post__thumbnail__link\" href=\"http:\/\/kahramanmarassulamabirligi.gov.tr\/index.php\/2022\/04\/25\/pazarcik-belediyesi-iftar-programi\/\" ><div class=\"elementor-post__thumbnail\"><img loading=\"lazy\" decoding=\"async\" width=\"811\" height=\"540\" src=\"http:\/\/kahramanmarassulamabirligi.gov.tr\/wp-content\/themes\/woodmart\/images\/lazy.png\" class=\"attachment-full size-full wp-image-9360 wd-lazy-load woodmart-lazy-load wd-lazy-fade\" alt=\"\" srcset=\"\" sizes=\"auto, (max-width: 811px) 100vw, 811px\" data-wood-src=\"http:\/\/kahramanmarassulamabirligi.gov.tr\/wp-content\/uploads\/2022\/10\/PAZARCIK-BELEDIYESI-IFTAR-PROGRAMI.jpg\" data-srcset=\"http:\/\/kahramanmarassulamabirligi.gov.tr\/wp-content\/uploads\/2022\/10\/PAZARCIK-BELEDIYESI-IFTAR-PROGRAMI.jpg 811w, http:\/\/kahramanmarassulamabirligi.gov.tr\/wp-content\/uploads\/2022\/10\/PAZARCIK-BELEDIYESI-IFTAR-PROGRAMI-400x266.jpg 400w, http:\/\/kahramanmarassulamabirligi.gov.tr\/wp-content\/uploads\/2022\/10\/PAZARCIK-BELEDIYESI-IFTAR-PROGRAMI-768x511.jpg 768w\" \/><\/div><\/a>\n\t\t\t\t<div class=\"elementor-post__text\">\n\t\t\t\t<h6 class=\"elementor-post__title\">\n\t\t\t<a href=\"http:\/\/kahramanmarassulamabirligi.gov.tr\/index.php\/2022\/04\/25\/pazarcik-belediyesi-iftar-programi\/\" >\n\t\t\t\tBirlik Ba\u015fkan\u0131m\u0131z Sn. Erol Geyik Pazarc\u0131k Belediyesi \u0130ftar Program\u0131na Kat\u0131ld\u0131\t\t\t<\/a>\n\t\t<\/h6>\n\t\t\t\t\t<a class=\"elementor-post__read-more\" href=\"http:\/\/kahramanmarassulamabirligi.gov.tr\/index.php\/2022\/04\/25\/pazarcik-belediyesi-iftar-programi\/\" >\n\t\t\t\t\u0130ncele \u00bb\t\t\t<\/a>\n\t\t\t\t<\/div>\n\t\t\t\t<div class=\"elementor-post__meta-data\">\n\t\t\t\t\t<span class=\"elementor-post-date\">\n\t\t\t25 Nisan 2022\t\t<\/span>\n\t\t\t\t<\/div>\n\t\t\t\t\t<\/div>\n\t\t<\/article>\n\t\t\t\t<article class=\"elementor-post elementor-grid-item post-9243 post type-post status-publish format-standard has-post-thumbnail hentry category-bizden-haberler category-slider category-son-eklenen-haberler\">\n\t\t\t<div class=\"elementor-post__card\">\n\t\t\t\t<a class=\"elementor-post__thumbnail__link\" href=\"http:\/\/kahramanmarassulamabirligi.gov.tr\/index.php\/2022\/03\/25\/sulama-gorevlilerimiz-basincli-sulama-sistemleri-ve-verimli-sulama-ile-ilgili-egitim-almak-uzere-adana-tayem-egitim-merkezine-gonderildi\/\" ><div class=\"elementor-post__thumbnail\"><img loading=\"lazy\" decoding=\"async\" width=\"1600\" height=\"1059\" src=\"http:\/\/kahramanmarassulamabirligi.gov.tr\/wp-content\/themes\/woodmart\/images\/lazy.png\" class=\"attachment-full size-full wp-image-9249 wd-lazy-load woodmart-lazy-load wd-lazy-fade\" alt=\"\" srcset=\"\" sizes=\"auto, (max-width: 1600px) 100vw, 1600px\" data-wood-src=\"http:\/\/kahramanmarassulamabirligi.gov.tr\/wp-content\/uploads\/2022\/09\/ADANA-TAYEM-BASINCLI-SULAMA-EGITIMI-29.jpeg\" data-srcset=\"http:\/\/kahramanmarassulamabirligi.gov.tr\/wp-content\/uploads\/2022\/09\/ADANA-TAYEM-BASINCLI-SULAMA-EGITIMI-29.jpeg 1600w, http:\/\/kahramanmarassulamabirligi.gov.tr\/wp-content\/uploads\/2022\/09\/ADANA-TAYEM-BASINCLI-SULAMA-EGITIMI-29-400x265.jpeg 400w, http:\/\/kahramanmarassulamabirligi.gov.tr\/wp-content\/uploads\/2022\/09\/ADANA-TAYEM-BASINCLI-SULAMA-EGITIMI-29-1209x800.jpeg 1209w, http:\/\/kahramanmarassulamabirligi.gov.tr\/wp-content\/uploads\/2022\/09\/ADANA-TAYEM-BASINCLI-SULAMA-EGITIMI-29-768x508.jpeg 768w, http:\/\/kahramanmarassulamabirligi.gov.tr\/wp-content\/uploads\/2022\/09\/ADANA-TAYEM-BASINCLI-SULAMA-EGITIMI-29-1536x1017.jpeg 1536w, http:\/\/kahramanmarassulamabirligi.gov.tr\/wp-content\/uploads\/2022\/09\/ADANA-TAYEM-BASINCLI-SULAMA-EGITIMI-29-1320x874.jpeg 1320w\" \/><\/div><\/a>\n\t\t\t\t<div class=\"elementor-post__text\">\n\t\t\t\t<h6 class=\"elementor-post__title\">\n\t\t\t<a href=\"http:\/\/kahramanmarassulamabirligi.gov.tr\/index.php\/2022\/03\/25\/sulama-gorevlilerimiz-basincli-sulama-sistemleri-ve-verimli-sulama-ile-ilgili-egitim-almak-uzere-adana-tayem-egitim-merkezine-gonderildi\/\" >\n\t\t\t\tSulama G\u00f6revlilerimiz, &#8216;Bas\u0131n\u00e7l\u0131 Sulama Sistemleri&#8217; ve &#8216;Verimli Sulama&#8217; \u0130le \u0130lgili E\u011fitim Almak \u00dczere Adana Tayem E\u011fitim Merkezine G\u00f6nderildi\t\t\t<\/a>\n\t\t<\/h6>\n\t\t\t\t\t<a class=\"elementor-post__read-more\" href=\"http:\/\/kahramanmarassulamabirligi.gov.tr\/index.php\/2022\/03\/25\/sulama-gorevlilerimiz-basincli-sulama-sistemleri-ve-verimli-sulama-ile-ilgili-egitim-almak-uzere-adana-tayem-egitim-merkezine-gonderildi\/\" >\n\t\t\t\t\u0130ncele \u00bb\t\t\t<\/a>\n\t\t\t\t<\/div>\n\t\t\t\t<div class=\"elementor-post__meta-data\">\n\t\t\t\t\t<span class=\"elementor-post-date\">\n\t\t\t25 Mart 2022\t\t<\/span>\n\t\t\t\t<\/div>\n\t\t\t\t\t<\/div>\n\t\t<\/article>\n\t\t\t\t<article class=\"elementor-post elementor-grid-item post-9426 post type-post status-publish format-standard has-post-thumbnail hentry category-bizden-haberler category-duyuru category-slider category-son-eklenen-haberler\">\n\t\t\t<div class=\"elementor-post__card\">\n\t\t\t\t<a class=\"elementor-post__thumbnail__link\" href=\"http:\/\/kahramanmarassulamabirligi.gov.tr\/index.php\/2021\/12\/24\/birligimize-yeni-is-makinesi-alindi\/\" ><div class=\"elementor-post__thumbnail\"><img loading=\"lazy\" decoding=\"async\" width=\"2000\" height=\"1500\" src=\"http:\/\/kahramanmarassulamabirligi.gov.tr\/wp-content\/themes\/woodmart\/images\/lazy.png\" class=\"attachment-full size-full wp-image-9428 wd-lazy-load woodmart-lazy-load wd-lazy-fade\" alt=\"\" srcset=\"\" sizes=\"auto, (max-width: 2000px) 100vw, 2000px\" data-wood-src=\"http:\/\/kahramanmarassulamabirligi.gov.tr\/wp-content\/uploads\/2022\/10\/hidromek-is-makinesi-1.jpeg\" data-srcset=\"http:\/\/kahramanmarassulamabirligi.gov.tr\/wp-content\/uploads\/2022\/10\/hidromek-is-makinesi-1.jpeg 2000w, http:\/\/kahramanmarassulamabirligi.gov.tr\/wp-content\/uploads\/2022\/10\/hidromek-is-makinesi-1-400x300.jpeg 400w, http:\/\/kahramanmarassulamabirligi.gov.tr\/wp-content\/uploads\/2022\/10\/hidromek-is-makinesi-1-1067x800.jpeg 1067w, http:\/\/kahramanmarassulamabirligi.gov.tr\/wp-content\/uploads\/2022\/10\/hidromek-is-makinesi-1-768x576.jpeg 768w, http:\/\/kahramanmarassulamabirligi.gov.tr\/wp-content\/uploads\/2022\/10\/hidromek-is-makinesi-1-1536x1152.jpeg 1536w, http:\/\/kahramanmarassulamabirligi.gov.tr\/wp-content\/uploads\/2022\/10\/hidromek-is-makinesi-1-1320x990.jpeg 1320w\" \/><\/div><\/a>\n\t\t\t\t<div class=\"elementor-post__text\">\n\t\t\t\t<h6 class=\"elementor-post__title\">\n\t\t\t<a href=\"http:\/\/kahramanmarassulamabirligi.gov.tr\/index.php\/2021\/12\/24\/birligimize-yeni-is-makinesi-alindi\/\" >\n\t\t\t\tBirli\u011fimize Yeni \u0130\u015f Makinesi Al\u0131nd\u0131\t\t\t<\/a>\n\t\t<\/h6>\n\t\t\t\t\t<a class=\"elementor-post__read-more\" href=\"http:\/\/kahramanmarassulamabirligi.gov.tr\/index.php\/2021\/12\/24\/birligimize-yeni-is-makinesi-alindi\/\" >\n\t\t\t\t\u0130ncele \u00bb\t\t\t<\/a>\n\t\t\t\t<\/div>\n\t\t\t\t<div class=\"elementor-post__meta-data\">\n\t\t\t\t\t<span class=\"elementor-post-date\">\n\t\t\t24 Aral\u0131k 2021\t\t<\/span>\n\t\t\t\t<\/div>\n\t\t\t\t\t<\/div>\n\t\t<\/article>\n\t\t\t\t<article class=\"elementor-post elementor-grid-item post-9366 post type-post status-publish format-standard has-post-thumbnail hentry category-bizden-haberler category-slider category-son-eklenen-haberler\">\n\t\t\t<div class=\"elementor-post__card\">\n\t\t\t\t<a class=\"elementor-post__thumbnail__link\" href=\"http:\/\/kahramanmarassulamabirligi.gov.tr\/index.php\/2021\/06\/22\/dsi-genel-mudur-yardimcisinin-birligimize-ziyareti\/\" ><div class=\"elementor-post__thumbnail\"><img loading=\"lazy\" decoding=\"async\" width=\"720\" height=\"540\" src=\"http:\/\/kahramanmarassulamabirligi.gov.tr\/wp-content\/themes\/woodmart\/images\/lazy.png\" class=\"attachment-full size-full wp-image-9368 wd-lazy-load woodmart-lazy-load wd-lazy-fade\" alt=\"\" srcset=\"\" sizes=\"auto, (max-width: 720px) 100vw, 720px\" data-wood-src=\"http:\/\/kahramanmarassulamabirligi.gov.tr\/wp-content\/uploads\/2022\/10\/DSI-GENEL-MUDUR-YARDIMCISININ-BIRLIGIMIZE-ZIYARETI.jpg\" data-srcset=\"http:\/\/kahramanmarassulamabirligi.gov.tr\/wp-content\/uploads\/2022\/10\/DSI-GENEL-MUDUR-YARDIMCISININ-BIRLIGIMIZE-ZIYARETI.jpg 720w, http:\/\/kahramanmarassulamabirligi.gov.tr\/wp-content\/uploads\/2022\/10\/DSI-GENEL-MUDUR-YARDIMCISININ-BIRLIGIMIZE-ZIYARETI-400x300.jpg 400w\" \/><\/div><\/a>\n\t\t\t\t<div class=\"elementor-post__text\">\n\t\t\t\t<h6 class=\"elementor-post__title\">\n\t\t\t<a href=\"http:\/\/kahramanmarassulamabirligi.gov.tr\/index.php\/2021\/06\/22\/dsi-genel-mudur-yardimcisinin-birligimize-ziyareti\/\" >\n\t\t\t\tDsi Genel M\u00fcd\u00fcr Yard\u0131mc\u0131s\u0131n\u0131n Birli\u011fimize Ziyareti\t\t\t<\/a>\n\t\t<\/h6>\n\t\t\t\t\t<a class=\"elementor-post__read-more\" href=\"http:\/\/kahramanmarassulamabirligi.gov.tr\/index.php\/2021\/06\/22\/dsi-genel-mudur-yardimcisinin-birligimize-ziyareti\/\" >\n\t\t\t\t\u0130ncele \u00bb\t\t\t<\/a>\n\t\t\t\t<\/div>\n\t\t\t\t<div class=\"elementor-post__meta-data\">\n\t\t\t\t\t<span class=\"elementor-post-date\">\n\t\t\t22 Haziran 2021\t\t<\/span>\n\t\t\t\t<\/div>\n\t\t\t\t\t<\/div>\n\t\t<\/article>\n\t\t\t\t<article class=\"elementor-post elementor-grid-item post-9501 post type-post status-publish format-standard has-post-thumbnail hentry category-bizden-haberler category-slider category-son-eklenen-haberler\">\n\t\t\t<div class=\"elementor-post__card\">\n\t\t\t\t<a class=\"elementor-post__thumbnail__link\" href=\"http:\/\/kahramanmarassulamabirligi.gov.tr\/index.php\/2021\/06\/12\/tbmm-icisleri-komisyon-baskani-sn-celalettin-guvencinde-katilmis-oldugu-sulama-sorunlari-ile-ilgili-toplanti-duzenlendi\/\" ><div class=\"elementor-post__thumbnail\"><img loading=\"lazy\" decoding=\"async\" width=\"593\" height=\"395\" src=\"http:\/\/kahramanmarassulamabirligi.gov.tr\/wp-content\/themes\/woodmart\/images\/lazy.png\" class=\"attachment-full size-full wp-image-9503 wd-lazy-load woodmart-lazy-load wd-lazy-fade\" alt=\"\" srcset=\"\" sizes=\"auto, (max-width: 593px) 100vw, 593px\" data-wood-src=\"http:\/\/kahramanmarassulamabirligi.gov.tr\/wp-content\/uploads\/2022\/10\/sulama-sorunlari-toplantisi-2.jpg\" data-srcset=\"http:\/\/kahramanmarassulamabirligi.gov.tr\/wp-content\/uploads\/2022\/10\/sulama-sorunlari-toplantisi-2.jpg 593w, http:\/\/kahramanmarassulamabirligi.gov.tr\/wp-content\/uploads\/2022\/10\/sulama-sorunlari-toplantisi-2-400x266.jpg 400w\" \/><\/div><\/a>\n\t\t\t\t<div class=\"elementor-post__text\">\n\t\t\t\t<h6 class=\"elementor-post__title\">\n\t\t\t<a href=\"http:\/\/kahramanmarassulamabirligi.gov.tr\/index.php\/2021\/06\/12\/tbmm-icisleri-komisyon-baskani-sn-celalettin-guvencinde-katilmis-oldugu-sulama-sorunlari-ile-ilgili-toplanti-duzenlendi\/\" >\n\t\t\t\tTBMM \u0130\u00e7i\u015fleri Komisyon Ba\u015fkan\u0131 Sn. Celalettin G\u00dcVEN\u00c7&#8217;inde Kat\u0131l\u0131m\u0131yla Toplant\u0131 D\u00fczenlendi\t\t\t<\/a>\n\t\t<\/h6>\n\t\t\t\t\t<a class=\"elementor-post__read-more\" href=\"http:\/\/kahramanmarassulamabirligi.gov.tr\/index.php\/2021\/06\/12\/tbmm-icisleri-komisyon-baskani-sn-celalettin-guvencinde-katilmis-oldugu-sulama-sorunlari-ile-ilgili-toplanti-duzenlendi\/\" >\n\t\t\t\t\u0130ncele \u00bb\t\t\t<\/a>\n\t\t\t\t<\/div>\n\t\t\t\t<div class=\"elementor-post__meta-data\">\n\t\t\t\t\t<span class=\"elementor-post-date\">\n\t\t\t12 Haziran 2021\t\t<\/span>\n\t\t\t\t<\/div>\n\t\t\t\t\t<\/div>\n\t\t<\/article>\n\t\t\t\t<article class=\"elementor-post elementor-grid-item post-9517 post type-post status-publish format-standard has-post-thumbnail hentry category-bizden-haberler category-duyuru category-slider category-son-eklenen-haberler\">\n\t\t\t<div class=\"elementor-post__card\">\n\t\t\t\t<a class=\"elementor-post__thumbnail__link\" href=\"http:\/\/kahramanmarassulamabirligi.gov.tr\/index.php\/2021\/04\/07\/birligimize-yeni-arazi-araclari-alindi\/\" ><div class=\"elementor-post__thumbnail\"><img loading=\"lazy\" decoding=\"async\" width=\"1200\" height=\"1600\" src=\"http:\/\/kahramanmarassulamabirligi.gov.tr\/wp-content\/themes\/woodmart\/images\/lazy.png\" class=\"attachment-full size-full wp-image-9519 wd-lazy-load woodmart-lazy-load wd-lazy-fade\" alt=\"\" srcset=\"\" sizes=\"auto, (max-width: 1200px) 100vw, 1200px\" data-wood-src=\"http:\/\/kahramanmarassulamabirligi.gov.tr\/wp-content\/uploads\/2022\/10\/yeni-alinan-birlik-arazi-araclari-6.jpeg\" data-srcset=\"http:\/\/kahramanmarassulamabirligi.gov.tr\/wp-content\/uploads\/2022\/10\/yeni-alinan-birlik-arazi-araclari-6.jpeg 1200w, http:\/\/kahramanmarassulamabirligi.gov.tr\/wp-content\/uploads\/2022\/10\/yeni-alinan-birlik-arazi-araclari-6-225x300.jpeg 225w, http:\/\/kahramanmarassulamabirligi.gov.tr\/wp-content\/uploads\/2022\/10\/yeni-alinan-birlik-arazi-araclari-6-600x800.jpeg 600w, http:\/\/kahramanmarassulamabirligi.gov.tr\/wp-content\/uploads\/2022\/10\/yeni-alinan-birlik-arazi-araclari-6-768x1024.jpeg 768w, http:\/\/kahramanmarassulamabirligi.gov.tr\/wp-content\/uploads\/2022\/10\/yeni-alinan-birlik-arazi-araclari-6-1152x1536.jpeg 1152w\" \/><\/div><\/a>\n\t\t\t\t<div class=\"elementor-post__text\">\n\t\t\t\t<h6 class=\"elementor-post__title\">\n\t\t\t<a href=\"http:\/\/kahramanmarassulamabirligi.gov.tr\/index.php\/2021\/04\/07\/birligimize-yeni-arazi-araclari-alindi\/\" >\n\t\t\t\tBirli\u011fimize Yeni Arazi Ara\u00e7lar\u0131 Al\u0131nd\u0131\t\t\t<\/a>\n\t\t<\/h6>\n\t\t\t\t\t<a class=\"elementor-post__read-more\" href=\"http:\/\/kahramanmarassulamabirligi.gov.tr\/index.php\/2021\/04\/07\/birligimize-yeni-arazi-araclari-alindi\/\" >\n\t\t\t\t\u0130ncele \u00bb\t\t\t<\/a>\n\t\t\t\t<\/div>\n\t\t\t\t<div class=\"elementor-post__meta-data\">\n\t\t\t\t\t<span class=\"elementor-post-date\">\n\t\t\t7 Nisan 2021\t\t<\/span>\n\t\t\t\t<\/div>\n\t\t\t\t\t<\/div>\n\t\t<\/article>\n\t\t\t\t<article class=\"elementor-post elementor-grid-item post-9396 post type-post status-publish format-standard hentry category-bizden-haberler category-slider category-son-eklenen-haberler\">\n\t\t\t<div class=\"elementor-post__card\">\n\t\t\t\t<div class=\"elementor-post__text\">\n\t\t\t\t<h6 class=\"elementor-post__title\">\n\t\t\t<a href=\"http:\/\/kahramanmarassulamabirligi.gov.tr\/index.php\/2021\/04\/01\/birlik-toplanti-salonumuzda-tes-is-sendikasinin-delege-secimi-yapildi\/\" >\n\t\t\t\tBirlik Toplant\u0131 Salonumuzda TES-\u0130\u015e Sendikas\u0131n\u0131n Delege se\u00e7imi Yap\u0131ld\u0131\t\t\t<\/a>\n\t\t<\/h6>\n\t\t\t\t\t<a class=\"elementor-post__read-more\" href=\"http:\/\/kahramanmarassulamabirligi.gov.tr\/index.php\/2021\/04\/01\/birlik-toplanti-salonumuzda-tes-is-sendikasinin-delege-secimi-yapildi\/\" >\n\t\t\t\t\u0130ncele \u00bb\t\t\t<\/a>\n\t\t\t\t<\/div>\n\t\t\t\t<div class=\"elementor-post__meta-data\">\n\t\t\t\t\t<span class=\"elementor-post-date\">\n\t\t\t1 Nisan 2021\t\t<\/span>\n\t\t\t\t<\/div>\n\t\t\t\t\t<\/div>\n\t\t<\/article>\n\t\t\t\t<article class=\"elementor-post elementor-grid-item post-9373 post type-post status-publish format-standard has-post-thumbnail hentry category-bizden-haberler category-slider category-son-eklenen-haberler\">\n\t\t\t<div class=\"elementor-post__card\">\n\t\t\t\t<a class=\"elementor-post__thumbnail__link\" href=\"http:\/\/kahramanmarassulamabirligi.gov.tr\/index.php\/2021\/03\/22\/ak-parti-kahramanmaras-il-kadin-kollari-baskani-kahramanmaras-subemizi-ziyaret-ettiler\/\" ><div class=\"elementor-post__thumbnail\"><img loading=\"lazy\" decoding=\"async\" width=\"600\" height=\"450\" src=\"http:\/\/kahramanmarassulamabirligi.gov.tr\/wp-content\/themes\/woodmart\/images\/lazy.png\" class=\"attachment-full size-full wp-image-9375 wd-lazy-load woodmart-lazy-load wd-lazy-fade\" alt=\"\" srcset=\"\" sizes=\"auto, (max-width: 600px) 100vw, 600px\" data-wood-src=\"http:\/\/kahramanmarassulamabirligi.gov.tr\/wp-content\/uploads\/2022\/10\/AK-PARTI-KAHRAMANMARAS-IL-KADIN-KOLLARI-BASKANI-ZIYARETI-2.jpg\" data-srcset=\"http:\/\/kahramanmarassulamabirligi.gov.tr\/wp-content\/uploads\/2022\/10\/AK-PARTI-KAHRAMANMARAS-IL-KADIN-KOLLARI-BASKANI-ZIYARETI-2.jpg 600w, http:\/\/kahramanmarassulamabirligi.gov.tr\/wp-content\/uploads\/2022\/10\/AK-PARTI-KAHRAMANMARAS-IL-KADIN-KOLLARI-BASKANI-ZIYARETI-2-400x300.jpg 400w\" \/><\/div><\/a>\n\t\t\t\t<div class=\"elementor-post__text\">\n\t\t\t\t<h6 class=\"elementor-post__title\">\n\t\t\t<a href=\"http:\/\/kahramanmarassulamabirligi.gov.tr\/index.php\/2021\/03\/22\/ak-parti-kahramanmaras-il-kadin-kollari-baskani-kahramanmaras-subemizi-ziyaret-ettiler\/\" >\n\t\t\t\tAk Parti Kahramanmara\u015f \u0130l Kad\u0131n Kollar\u0131 Ba\u015fkan\u0131, Kahramanmara\u015f \u015eubemizi Ziyaret Ettiler\t\t\t<\/a>\n\t\t<\/h6>\n\t\t\t\t\t<a class=\"elementor-post__read-more\" href=\"http:\/\/kahramanmarassulamabirligi.gov.tr\/index.php\/2021\/03\/22\/ak-parti-kahramanmaras-il-kadin-kollari-baskani-kahramanmaras-subemizi-ziyaret-ettiler\/\" >\n\t\t\t\t\u0130ncele \u00bb\t\t\t<\/a>\n\t\t\t\t<\/div>\n\t\t\t\t<div class=\"elementor-post__meta-data\">\n\t\t\t\t\t<span class=\"elementor-post-date\">\n\t\t\t22 Mart 2021\t\t<\/span>\n\t\t\t\t<\/div>\n\t\t\t\t\t<\/div>\n\t\t<\/article>\n\t\t\t\t<article class=\"elementor-post elementor-grid-item post-9386 post type-post status-publish format-standard has-post-thumbnail hentry category-bizden-haberler category-duyuru category-slider category-son-eklenen-haberler\">\n\t\t\t<div class=\"elementor-post__card\">\n\t\t\t\t<a class=\"elementor-post__thumbnail__link\" href=\"http:\/\/kahramanmarassulamabirligi.gov.tr\/index.php\/2020\/06\/01\/yeni-is-makinemiz-tum-ciftcilerimize-hayirli-olsun\/\" ><div class=\"elementor-post__thumbnail\"><img loading=\"lazy\" decoding=\"async\" width=\"720\" height=\"540\" src=\"http:\/\/kahramanmarassulamabirligi.gov.tr\/wp-content\/themes\/woodmart\/images\/lazy.png\" class=\"attachment-full size-full wp-image-9433 wd-lazy-load woodmart-lazy-load wd-lazy-fade\" alt=\"\" srcset=\"\" sizes=\"auto, (max-width: 720px) 100vw, 720px\" data-wood-src=\"http:\/\/kahramanmarassulamabirligi.gov.tr\/wp-content\/uploads\/2022\/10\/yeni-is-makinesi-alimi-1.jpg\" data-srcset=\"http:\/\/kahramanmarassulamabirligi.gov.tr\/wp-content\/uploads\/2022\/10\/yeni-is-makinesi-alimi-1.jpg 720w, http:\/\/kahramanmarassulamabirligi.gov.tr\/wp-content\/uploads\/2022\/10\/yeni-is-makinesi-alimi-1-400x300.jpg 400w\" \/><\/div><\/a>\n\t\t\t\t<div class=\"elementor-post__text\">\n\t\t\t\t<h6 class=\"elementor-post__title\">\n\t\t\t<a href=\"http:\/\/kahramanmarassulamabirligi.gov.tr\/index.php\/2020\/06\/01\/yeni-is-makinemiz-tum-ciftcilerimize-hayirli-olsun\/\" >\n\t\t\t\tYeni \u0130\u015f Makinemiz T\u00fcm \u00c7ift\u00e7ilerimize Hay\u0131rl\u0131 Olsun\t\t\t<\/a>\n\t\t<\/h6>\n\t\t\t\t\t<a class=\"elementor-post__read-more\" href=\"http:\/\/kahramanmarassulamabirligi.gov.tr\/index.php\/2020\/06\/01\/yeni-is-makinemiz-tum-ciftcilerimize-hayirli-olsun\/\" >\n\t\t\t\t\u0130ncele \u00bb\t\t\t<\/a>\n\t\t\t\t<\/div>\n\t\t\t\t<div class=\"elementor-post__meta-data\">\n\t\t\t\t\t<span class=\"elementor-post-date\">\n\t\t\t1 Haziran 2020\t\t<\/span>\n\t\t\t\t<\/div>\n\t\t\t\t\t<\/div>\n\t\t<\/article>\n\t\t\t\t<article class=\"elementor-post elementor-grid-item post-9487 post type-post status-publish format-standard has-post-thumbnail hentry category-bizden-haberler category-slider category-son-eklenen-haberler\">\n\t\t\t<div class=\"elementor-post__card\">\n\t\t\t\t<a class=\"elementor-post__thumbnail__link\" href=\"http:\/\/kahramanmarassulamabirligi.gov.tr\/index.php\/2019\/04\/09\/birlik-baskanimiz-ve-personellerimiz-pazarcik-belediye-baskanina-hayirli-olsun-ziyareti-yaptilar\/\" ><div class=\"elementor-post__thumbnail\"><img loading=\"lazy\" decoding=\"async\" width=\"810\" height=\"540\" src=\"http:\/\/kahramanmarassulamabirligi.gov.tr\/wp-content\/themes\/woodmart\/images\/lazy.png\" class=\"attachment-full size-full wp-image-9489 wd-lazy-load woodmart-lazy-load wd-lazy-fade\" alt=\"\" srcset=\"\" sizes=\"auto, (max-width: 810px) 100vw, 810px\" data-wood-src=\"http:\/\/kahramanmarassulamabirligi.gov.tr\/wp-content\/uploads\/2022\/10\/pazarcik-belediye-baskanina-hayirli-olsun-ziyareti.jpg\" data-srcset=\"http:\/\/kahramanmarassulamabirligi.gov.tr\/wp-content\/uploads\/2022\/10\/pazarcik-belediye-baskanina-hayirli-olsun-ziyareti.jpg 810w, http:\/\/kahramanmarassulamabirligi.gov.tr\/wp-content\/uploads\/2022\/10\/pazarcik-belediye-baskanina-hayirli-olsun-ziyareti-400x267.jpg 400w, http:\/\/kahramanmarassulamabirligi.gov.tr\/wp-content\/uploads\/2022\/10\/pazarcik-belediye-baskanina-hayirli-olsun-ziyareti-768x512.jpg 768w\" \/><\/div><\/a>\n\t\t\t\t<div class=\"elementor-post__text\">\n\t\t\t\t<h6 class=\"elementor-post__title\">\n\t\t\t<a href=\"http:\/\/kahramanmarassulamabirligi.gov.tr\/index.php\/2019\/04\/09\/birlik-baskanimiz-ve-personellerimiz-pazarcik-belediye-baskanina-hayirli-olsun-ziyareti-yaptilar\/\" >\n\t\t\t\tBirlik Ba\u015fkan\u0131m\u0131z ve Personellerimiz Pazarc\u0131k Belediye Ba\u015fkan\u0131na Hay\u0131rl\u0131 Olsun Ziyareti Yapt\u0131lar\t\t\t<\/a>\n\t\t<\/h6>\n\t\t\t\t\t<a class=\"elementor-post__read-more\" href=\"http:\/\/kahramanmarassulamabirligi.gov.tr\/index.php\/2019\/04\/09\/birlik-baskanimiz-ve-personellerimiz-pazarcik-belediye-baskanina-hayirli-olsun-ziyareti-yaptilar\/\" >\n\t\t\t\t\u0130ncele \u00bb\t\t\t<\/a>\n\t\t\t\t<\/div>\n\t\t\t\t<div class=\"elementor-post__meta-data\">\n\t\t\t\t\t<span class=\"elementor-post-date\">\n\t\t\t9 Nisan 2019\t\t<\/span>\n\t\t\t\t<\/div>\n\t\t\t\t\t<\/div>\n\t\t<\/article>\n\t\t\t\t<article class=\"elementor-post elementor-grid-item post-9446 post type-post status-publish format-standard has-post-thumbnail hentry category-bizden-haberler category-slider category-son-eklenen-haberler\">\n\t\t\t<div class=\"elementor-post__card\">\n\t\t\t\t<a class=\"elementor-post__thumbnail__link\" href=\"http:\/\/kahramanmarassulamabirligi.gov.tr\/index.php\/2018\/10\/19\/birlik-baskanimiz-sn-erol-geyikin-ankara-ziyaretleri\/\" ><div class=\"elementor-post__thumbnail\"><img loading=\"lazy\" decoding=\"async\" width=\"720\" height=\"540\" src=\"http:\/\/kahramanmarassulamabirligi.gov.tr\/wp-content\/themes\/woodmart\/images\/lazy.png\" class=\"attachment-full size-full wp-image-9448 wd-lazy-load woodmart-lazy-load wd-lazy-fade\" alt=\"\" srcset=\"\" sizes=\"auto, (max-width: 720px) 100vw, 720px\" data-wood-src=\"http:\/\/kahramanmarassulamabirligi.gov.tr\/wp-content\/uploads\/2022\/10\/ankara-ziyaretleri-1.jpg\" data-srcset=\"http:\/\/kahramanmarassulamabirligi.gov.tr\/wp-content\/uploads\/2022\/10\/ankara-ziyaretleri-1.jpg 720w, http:\/\/kahramanmarassulamabirligi.gov.tr\/wp-content\/uploads\/2022\/10\/ankara-ziyaretleri-1-400x300.jpg 400w\" \/><\/div><\/a>\n\t\t\t\t<div class=\"elementor-post__text\">\n\t\t\t\t<h6 class=\"elementor-post__title\">\n\t\t\t<a href=\"http:\/\/kahramanmarassulamabirligi.gov.tr\/index.php\/2018\/10\/19\/birlik-baskanimiz-sn-erol-geyikin-ankara-ziyaretleri\/\" >\n\t\t\t\tBirlik Ba\u015fkan\u0131m\u0131z Sn. Erol GEY\u0130K&#8217;in Ankara Ziyaretleri\t\t\t<\/a>\n\t\t<\/h6>\n\t\t\t\t\t<a class=\"elementor-post__read-more\" href=\"http:\/\/kahramanmarassulamabirligi.gov.tr\/index.php\/2018\/10\/19\/birlik-baskanimiz-sn-erol-geyikin-ankara-ziyaretleri\/\" >\n\t\t\t\t\u0130ncele \u00bb\t\t\t<\/a>\n\t\t\t\t<\/div>\n\t\t\t\t<div class=\"elementor-post__meta-data\">\n\t\t\t\t\t<span class=\"elementor-post-date\">\n\t\t\t19 Ekim 2018\t\t<\/span>\n\t\t\t\t<\/div>\n\t\t\t\t\t<\/div>\n\t\t<\/article>\n\t\t\t\t<article class=\"elementor-post elementor-grid-item post-9461 post type-post status-publish format-standard has-post-thumbnail hentry category-bizden-haberler category-slider category-son-eklenen-haberler\">\n\t\t\t<div class=\"elementor-post__card\">\n\t\t\t\t<a class=\"elementor-post__thumbnail__link\" href=\"http:\/\/kahramanmarassulamabirligi.gov.tr\/index.php\/2018\/09\/12\/birlik-baskanimiz-kahramanmaras-subemizde-rotasyon-konusu-hakkinda-ciftcilere-toplanti-duzenledi\/\" ><div class=\"elementor-post__thumbnail\"><img loading=\"lazy\" decoding=\"async\" width=\"960\" height=\"720\" src=\"http:\/\/kahramanmarassulamabirligi.gov.tr\/wp-content\/themes\/woodmart\/images\/lazy.png\" class=\"attachment-full size-full wp-image-9463 wd-lazy-load woodmart-lazy-load wd-lazy-fade\" alt=\"\" srcset=\"\" sizes=\"auto, (max-width: 960px) 100vw, 960px\" data-wood-src=\"http:\/\/kahramanmarassulamabirligi.gov.tr\/wp-content\/uploads\/2022\/10\/rotasyon-konulu-toplanti-4.jpg\" data-srcset=\"http:\/\/kahramanmarassulamabirligi.gov.tr\/wp-content\/uploads\/2022\/10\/rotasyon-konulu-toplanti-4.jpg 960w, http:\/\/kahramanmarassulamabirligi.gov.tr\/wp-content\/uploads\/2022\/10\/rotasyon-konulu-toplanti-4-400x300.jpg 400w, http:\/\/kahramanmarassulamabirligi.gov.tr\/wp-content\/uploads\/2022\/10\/rotasyon-konulu-toplanti-4-768x576.jpg 768w\" \/><\/div><\/a>\n\t\t\t\t<div class=\"elementor-post__text\">\n\t\t\t\t<h6 class=\"elementor-post__title\">\n\t\t\t<a href=\"http:\/\/kahramanmarassulamabirligi.gov.tr\/index.php\/2018\/09\/12\/birlik-baskanimiz-kahramanmaras-subemizde-rotasyon-konusu-hakkinda-ciftcilere-toplanti-duzenledi\/\" >\n\t\t\t\tBirlik Ba\u015fkan\u0131m\u0131z Kahramanmara\u015f \u015eubemizde Rotasyon Konusu Hakk\u0131nda \u00c7ift\u00e7ilere Toplant\u0131 D\u00fczenledi\t\t\t<\/a>\n\t\t<\/h6>\n\t\t\t\t\t<a class=\"elementor-post__read-more\" href=\"http:\/\/kahramanmarassulamabirligi.gov.tr\/index.php\/2018\/09\/12\/birlik-baskanimiz-kahramanmaras-subemizde-rotasyon-konusu-hakkinda-ciftcilere-toplanti-duzenledi\/\" >\n\t\t\t\t\u0130ncele \u00bb\t\t\t<\/a>\n\t\t\t\t<\/div>\n\t\t\t\t<div class=\"elementor-post__meta-data\">\n\t\t\t\t\t<span class=\"elementor-post-date\">\n\t\t\t12 Eyl\u00fcl 2018\t\t<\/span>\n\t\t\t\t<\/div>\n\t\t\t\t\t<\/div>\n\t\t<\/article>\n\t\t\t\t<\/div>\n\n\n\t\t\n\t\t\t\t<\/div>\n\t\t\t\t<\/div>\n\t\t\t\t\t<\/div>\n\t\t<\/div>\n\t\t\t\t\t\t\t<\/div>\n\t\t<\/section>\n\t\t\t\t<section class=\"wd-negative-gap elementor-section elementor-top-section elementor-element elementor-element-e33f9c8 elementor-section-boxed elementor-section-height-default elementor-section-height-default wd-section-disabled\" data-id=\"e33f9c8\" data-element_type=\"section\">\n\t\t\t\t\t\t<div class=\"elementor-container elementor-column-gap-default\">\n\t\t\t\t\t<div class=\"elementor-column elementor-col-100 elementor-top-column elementor-element elementor-element-1c5618a\" data-id=\"1c5618a\" data-element_type=\"column\">\n\t\t\t<div class=\"elementor-widget-wrap\">\n\t\t\t\t\t\t\t\t\t<\/div>\n\t\t<\/div>\n\t\t\t\t\t\t\t<\/div>\n\t\t<\/section>\n\t\t\t\t\t\t\t<\/div>\n\t\t","protected":false},"excerpt":{"rendered":"<p>Zaman T\u00fcneli 13 Ekim 2022 Y-6 Kanal\u0131 Bak\u0131m Onar\u0131m \u00c7al\u0131\u015fmalar\u0131 9 Eyl\u00fcl 2022 Birlik Ba\u015fkan\u0131m\u0131z, Kahramanmara\u015f Esnaf ve Sanatkarlar Odalar\u0131<\/p>\n","protected":false},"author":1,"featured_media":0,"parent":0,"menu_order":0,"comment_status":"closed","ping_status":"closed","template":"elementor_header_footer","meta":{"footnotes":""},"class_list":["post-9554","page","type-page","status-publish","hentry"],"_links":{"self":[{"href":"http:\/\/kahramanmarassulamabirligi.gov.tr\/index.php\/wp-json\/wp\/v2\/pages\/9554","targetHints":{"allow":["GET"]}}],"collection":[{"href":"http:\/\/kahramanmarassulamabirligi.gov.tr\/index.php\/wp-json\/wp\/v2\/pages"}],"about":[{"href":"http:\/\/kahramanmarassulamabirligi.gov.tr\/index.php\/wp-json\/wp\/v2\/types\/page"}],"author":[{"embeddable":true,"href":"http:\/\/kahramanmarassulamabirligi.gov.tr\/index.php\/wp-json\/wp\/v2\/users\/1"}],"replies":[{"embeddable":true,"href":"http:\/\/kahramanmarassulamabirligi.gov.tr\/index.php\/wp-json\/wp\/v2\/comments?post=9554"}],"version-history":[{"count":34,"href":"http:\/\/kahramanmarassulamabirligi.gov.tr\/index.php\/wp-json\/wp\/v2\/pages\/9554\/revisions"}],"predecessor-version":[{"id":9660,"href":"http:\/\/kahramanmarassulamabirligi.gov.tr\/index.php\/wp-json\/wp\/v2\/pages\/9554\/revisions\/9660"}],"wp:attachment":[{"href":"http:\/\/kahramanmarassulamabirligi.gov.tr\/index.php\/wp-json\/wp\/v2\/media?parent=9554"}],"curies":[{"name":"wp","href":"https:\/\/api.w.org\/{rel}","templated":true}]}}